{"id":13028,"date":"2022-11-24T16:10:09","date_gmt":"2022-11-24T14:10:09","guid":{"rendered":"https:\/\/noupasseigmaritimdepalma.portsdebalears.com\/projecte\/"},"modified":"2024-09-17T12:23:16","modified_gmt":"2024-09-17T10:23:16","slug":"proyecto","status":"publish","type":"page","link":"https:\/\/noupasseigmaritimdepalma.portsdebalears.com\/es\/proyecto\/","title":{"rendered":"El proyecto"},"content":{"rendered":"\t\t<div data-elementor-type=\"wp-page\" data-elementor-id=\"13028\" class=\"elementor elementor-13028 elementor-12260\">\n\t\t\t\t\t\t<div class=\"elementor-inner\">\n\t\t\t\t<div class=\"elementor-section-wrap\">\n\t\t\t\t\t\t\t\t\t<section class=\"elementor-section elementor-top-section elementor-element elementor-element-d95d0c2 elementor-section-boxed elementor-section-height-default elementor-section-height-default\" data-id=\"d95d0c2\" data-element_type=\"section\">\n\t\t\t\t\t\t<div class=\"elementor-container elementor-column-gap-default\">\n\t\t\t\t\t\t\t<div class=\"elementor-row\">\n\t\t\t\t\t<div class=\"elementor-column elementor-col-100 elementor-top-column elementor-element elementor-element-bd5e825\" data-id=\"bd5e825\" data-element_type=\"column\">\n\t\t\t<div class=\"elementor-column-wrap elementor-element-populated\">\n\t\t\t\t\t\t\t<div class=\"elementor-widget-wrap\">\n\t\t\t\t\t\t<div class=\"elementor-element elementor-element-f367525 elementor-widget elementor-widget-text-editor\" data-id=\"f367525\" data-element_type=\"widget\" data-widget_type=\"text-editor.default\">\n\t\t\t\t<div class=\"elementor-widget-container\">\n\t\t\t\t\t\t\t\t<div class=\"elementor-text-editor elementor-clearfix\">\n\t\t\t\t<p>El paseo Mar\u00edtimo de Palma se transforma en el Nuevo Paseo Mar\u00edtimo de Palma. El d\u00eda 18 de noviembre de 2022 se inicia un proyecto de remodelaci\u00f3n que cambiar\u00e1 3,5 kil\u00f3metros de su recorrido. Una nueva fase hist\u00f3rica para esta arteria emblem\u00e1tica de la ciudad, que tiene que servir para hacerla m\u00e1s accesible y sostenible. Contribuir a una Palma m\u00e1s c\u00f3moda, segura y limpia en las que ganan las personas.<\/p>\n<p>El presupuesto de ejecuci\u00f3n es de unos 38 millones de euros.<\/p>\n<p><\/p>\t\t\t\t\t<\/div>\n\t\t\t\t\t\t<\/div>\n\t\t\t\t<\/div>\n\t\t\t\t<section class=\"elementor-section elementor-inner-section elementor-element elementor-element-e4066cc elementor-section-boxed elementor-section-height-default elementor-section-height-default\" data-id=\"e4066cc\" data-element_type=\"section\" id=\"antecedentes\">\n\t\t\t\t\t\t<div class=\"elementor-container elementor-column-gap-default\">\n\t\t\t\t\t\t\t<div class=\"elementor-row\">\n\t\t\t\t\t<div class=\"elementor-column elementor-col-100 elementor-inner-column elementor-element elementor-element-0a73a88\" data-id=\"0a73a88\" data-element_type=\"column\">\n\t\t\t<div class=\"elementor-column-wrap elementor-element-populated\">\n\t\t\t\t\t\t\t<div class=\"elementor-widget-wrap\">\n\t\t\t\t\t\t<div class=\"elementor-element elementor-element-e714c95 elementor-widget elementor-widget-industrium_heading\" data-id=\"e714c95\" data-element_type=\"widget\" data-widget_type=\"industrium_heading.default\">\n\t\t\t\t<div class=\"elementor-widget-container\">\n\t\t\t<div class=\"industrium-heading-widget\"><h2 class=\"industrium-heading\"><span class=\"industrium-heading-content\">LOS ANTECEDENTES<\/span><\/h2><\/div>\t\t<\/div>\n\t\t\t\t<\/div>\n\t\t\t\t<div class=\"elementor-element elementor-element-23d7d71 elementor-widget elementor-widget-text-editor\" data-id=\"23d7d71\" data-element_type=\"widget\" data-widget_type=\"text-editor.default\">\n\t\t\t\t<div class=\"elementor-widget-container\">\n\t\t\t\t\t\t\t\t<div class=\"elementor-text-editor elementor-clearfix\">\n\t\t\t\t<p>Un paseo en constante evoluci\u00f3n<\/p><p>El paseo Mar\u00edtimo de Palma, a principios del siglo XX, era poco m\u00e1s que un acantilado.<\/p>\t\t\t\t\t<\/div>\n\t\t\t\t\t\t<\/div>\n\t\t\t\t<\/div>\n\t\t\t\t<div class=\"elementor-element elementor-element-d63391f elementor-widget elementor-widget-image-gallery\" data-id=\"d63391f\" data-element_type=\"widget\" data-widget_type=\"image-gallery.default\">\n\t\t\t\t<div class=\"elementor-widget-container\">\n\t\t\t\t\t<div class=\"elementor-image-gallery\">\n\t\t\t<div id='gallery-1' class='gallery galleryid-13028 gallery-columns-4 gallery-size-thumbnail'><figure class='gallery-item'>\n\t\t\t<div class='gallery-icon landscape'>\n\t\t\t\t<a data-elementor-open-lightbox=\"yes\" data-elementor-lightbox-slideshow=\"d63391f\" data-elementor-lightbox-title=\"projecte-passeig-maritim-14\" e-action-hash=\"#elementor-action%3Aaction%3Dlightbox%26settings%3DeyJpZCI6MTIxNTgsInVybCI6Imh0dHBzOlwvXC9ub3VwYXNzZWlnbWFyaXRpbWRlcGFsbWEucG9ydHNkZWJhbGVhcnMuY29tXC93cC1jb250ZW50XC91cGxvYWRzXC8yMDIyXC8xMVwvcHJvamVjdGUtcGFzc2VpZy1tYXJpdGltLTE0LmpwZyIsInNsaWRlc2hvdyI6ImQ2MzM5MWYifQ%3D%3D\" href='https:\/\/noupasseigmaritimdepalma.portsdebalears.com\/wp-content\/uploads\/2022\/11\/projecte-passeig-maritim-14.jpg'><img loading=\"lazy\" decoding=\"async\" width=\"150\" height=\"150\" src=\"https:\/\/noupasseigmaritimdepalma.portsdebalears.com\/wp-content\/uploads\/2022\/11\/projecte-passeig-maritim-14-150x150.jpg\" class=\"attachment-thumbnail size-thumbnail\" alt=\"\" \/><\/a>\n\t\t\t<\/div><\/figure><figure class='gallery-item'>\n\t\t\t<div class='gallery-icon landscape'>\n\t\t\t\t<a data-elementor-open-lightbox=\"yes\" data-elementor-lightbox-slideshow=\"d63391f\" data-elementor-lightbox-title=\"projecte-passeig-maritim-7\" e-action-hash=\"#elementor-action%3Aaction%3Dlightbox%26settings%3DeyJpZCI6MTIxNDMsInVybCI6Imh0dHBzOlwvXC9ub3VwYXNzZWlnbWFyaXRpbWRlcGFsbWEucG9ydHNkZWJhbGVhcnMuY29tXC93cC1jb250ZW50XC91cGxvYWRzXC8yMDIyXC8xMVwvcHJvamVjdGUtcGFzc2VpZy1tYXJpdGltLTcuanBnIiwic2xpZGVzaG93IjoiZDYzMzkxZiJ9\" href='https:\/\/noupasseigmaritimdepalma.portsdebalears.com\/wp-content\/uploads\/2022\/11\/projecte-passeig-maritim-7.jpg'><img loading=\"lazy\" decoding=\"async\" width=\"150\" height=\"150\" src=\"https:\/\/noupasseigmaritimdepalma.portsdebalears.com\/wp-content\/uploads\/2022\/11\/projecte-passeig-maritim-7-150x150.jpg\" class=\"attachment-thumbnail size-thumbnail\" alt=\"\" \/><\/a>\n\t\t\t<\/div><\/figure><figure class='gallery-item'>\n\t\t\t<div class='gallery-icon landscape'>\n\t\t\t\t<a data-elementor-open-lightbox=\"yes\" data-elementor-lightbox-slideshow=\"d63391f\" data-elementor-lightbox-title=\"projecte-passeig-maritim-8\" e-action-hash=\"#elementor-action%3Aaction%3Dlightbox%26settings%3DeyJpZCI6MTIxNDYsInVybCI6Imh0dHBzOlwvXC9ub3VwYXNzZWlnbWFyaXRpbWRlcGFsbWEucG9ydHNkZWJhbGVhcnMuY29tXC93cC1jb250ZW50XC91cGxvYWRzXC8yMDIyXC8xMVwvcHJvamVjdGUtcGFzc2VpZy1tYXJpdGltLTguanBnIiwic2xpZGVzaG93IjoiZDYzMzkxZiJ9\" href='https:\/\/noupasseigmaritimdepalma.portsdebalears.com\/wp-content\/uploads\/2022\/11\/projecte-passeig-maritim-8.jpg'><img loading=\"lazy\" decoding=\"async\" width=\"150\" height=\"150\" src=\"https:\/\/noupasseigmaritimdepalma.portsdebalears.com\/wp-content\/uploads\/2022\/11\/projecte-passeig-maritim-8-150x150.jpg\" class=\"attachment-thumbnail size-thumbnail\" alt=\"\" \/><\/a>\n\t\t\t<\/div><\/figure><figure class='gallery-item'>\n\t\t\t<div class='gallery-icon landscape'>\n\t\t\t\t<a data-elementor-open-lightbox=\"yes\" data-elementor-lightbox-slideshow=\"d63391f\" data-elementor-lightbox-title=\"projecte-passeig-maritim-6\" e-action-hash=\"#elementor-action%3Aaction%3Dlightbox%26settings%3DeyJpZCI6MTIxNDAsInVybCI6Imh0dHBzOlwvXC9ub3VwYXNzZWlnbWFyaXRpbWRlcGFsbWEucG9ydHNkZWJhbGVhcnMuY29tXC93cC1jb250ZW50XC91cGxvYWRzXC8yMDIyXC8xMVwvcHJvamVjdGUtcGFzc2VpZy1tYXJpdGltLTYuanBnIiwic2xpZGVzaG93IjoiZDYzMzkxZiJ9\" href='https:\/\/noupasseigmaritimdepalma.portsdebalears.com\/wp-content\/uploads\/2022\/11\/projecte-passeig-maritim-6.jpg'><img loading=\"lazy\" decoding=\"async\" width=\"150\" height=\"150\" src=\"https:\/\/noupasseigmaritimdepalma.portsdebalears.com\/wp-content\/uploads\/2022\/11\/projecte-passeig-maritim-6-150x150.jpg\" class=\"attachment-thumbnail size-thumbnail\" alt=\"\" \/><\/a>\n\t\t\t<\/div><\/figure>\n\t\t<\/div>\n\t\t<\/div>\n\t\t\t\t<\/div>\n\t\t\t\t<\/div>\n\t\t\t\t<div class=\"elementor-element elementor-element-b6021f3 elementor-widget elementor-widget-text-editor\" data-id=\"b6021f3\" data-element_type=\"widget\" data-widget_type=\"text-editor.default\">\n\t\t\t\t<div class=\"elementor-widget-container\">\n\t\t\t\t\t\t\t\t<div class=\"elementor-text-editor elementor-clearfix\">\n\t\t\t\t<p>Pasan las d\u00e9cadas y las construcciones van ganado terreno al mar Mediterr\u00e1neo.<\/p>\t\t\t\t\t<\/div>\n\t\t\t\t\t\t<\/div>\n\t\t\t\t<\/div>\n\t\t\t\t<div class=\"elementor-element elementor-element-44b63e8 elementor-widget elementor-widget-image-gallery\" data-id=\"44b63e8\" data-element_type=\"widget\" data-widget_type=\"image-gallery.default\">\n\t\t\t\t<div class=\"elementor-widget-container\">\n\t\t\t\t\t<div class=\"elementor-image-gallery\">\n\t\t\t<div id='gallery-2' class='gallery galleryid-13028 gallery-columns-4 gallery-size-thumbnail'><figure class='gallery-item'>\n\t\t\t<div class='gallery-icon landscape'>\n\t\t\t\t<a data-elementor-open-lightbox=\"yes\" data-elementor-lightbox-slideshow=\"44b63e8\" data-elementor-lightbox-title=\"projecte-passeig-maritim-1\" e-action-hash=\"#elementor-action%3Aaction%3Dlightbox%26settings%3DeyJpZCI6MTIxMjgsInVybCI6Imh0dHBzOlwvXC9ub3VwYXNzZWlnbWFyaXRpbWRlcGFsbWEucG9ydHNkZWJhbGVhcnMuY29tXC93cC1jb250ZW50XC91cGxvYWRzXC8yMDIyXC8xMVwvcHJvamVjdGUtcGFzc2VpZy1tYXJpdGltLTEucG5nIiwic2xpZGVzaG93IjoiNDRiNjNlOCJ9\" href='https:\/\/noupasseigmaritimdepalma.portsdebalears.com\/wp-content\/uploads\/2022\/11\/projecte-passeig-maritim-1.png'><img loading=\"lazy\" decoding=\"async\" width=\"150\" height=\"150\" src=\"https:\/\/noupasseigmaritimdepalma.portsdebalears.com\/wp-content\/uploads\/2022\/11\/projecte-passeig-maritim-1-150x150.png\" class=\"attachment-thumbnail size-thumbnail\" alt=\"\" \/><\/a>\n\t\t\t<\/div><\/figure><figure class='gallery-item'>\n\t\t\t<div class='gallery-icon landscape'>\n\t\t\t\t<a data-elementor-open-lightbox=\"yes\" data-elementor-lightbox-slideshow=\"44b63e8\" data-elementor-lightbox-title=\"projecte-passeig-maritim-10\" e-action-hash=\"#elementor-action%3Aaction%3Dlightbox%26settings%3DeyJpZCI6MTIxNTIsInVybCI6Imh0dHBzOlwvXC9ub3VwYXNzZWlnbWFyaXRpbWRlcGFsbWEucG9ydHNkZWJhbGVhcnMuY29tXC93cC1jb250ZW50XC91cGxvYWRzXC8yMDIyXC8xMVwvcHJvamVjdGUtcGFzc2VpZy1tYXJpdGltLTEwLmpwZyIsInNsaWRlc2hvdyI6IjQ0YjYzZTgifQ%3D%3D\" href='https:\/\/noupasseigmaritimdepalma.portsdebalears.com\/wp-content\/uploads\/2022\/11\/projecte-passeig-maritim-10.jpg'><img loading=\"lazy\" decoding=\"async\" width=\"150\" height=\"150\" src=\"https:\/\/noupasseigmaritimdepalma.portsdebalears.com\/wp-content\/uploads\/2022\/11\/projecte-passeig-maritim-10-150x150.jpg\" class=\"attachment-thumbnail size-thumbnail\" alt=\"\" \/><\/a>\n\t\t\t<\/div><\/figure><figure class='gallery-item'>\n\t\t\t<div class='gallery-icon landscape'>\n\t\t\t\t<a data-elementor-open-lightbox=\"yes\" data-elementor-lightbox-slideshow=\"44b63e8\" data-elementor-lightbox-title=\"projecte-passeig-maritim-16\" e-action-hash=\"#elementor-action%3Aaction%3Dlightbox%26settings%3DeyJpZCI6MTIxNjEsInVybCI6Imh0dHBzOlwvXC9ub3VwYXNzZWlnbWFyaXRpbWRlcGFsbWEucG9ydHNkZWJhbGVhcnMuY29tXC93cC1jb250ZW50XC91cGxvYWRzXC8yMDIyXC8xMVwvcHJvamVjdGUtcGFzc2VpZy1tYXJpdGltLTE2LmpwZyIsInNsaWRlc2hvdyI6IjQ0YjYzZTgifQ%3D%3D\" href='https:\/\/noupasseigmaritimdepalma.portsdebalears.com\/wp-content\/uploads\/2022\/11\/projecte-passeig-maritim-16.jpg'><img loading=\"lazy\" decoding=\"async\" width=\"150\" height=\"150\" src=\"https:\/\/noupasseigmaritimdepalma.portsdebalears.com\/wp-content\/uploads\/2022\/11\/projecte-passeig-maritim-16-150x150.jpg\" class=\"attachment-thumbnail size-thumbnail\" alt=\"\" srcset=\"https:\/\/noupasseigmaritimdepalma.portsdebalears.com\/wp-content\/uploads\/2022\/11\/projecte-passeig-maritim-16-150x150.jpg 150w, https:\/\/noupasseigmaritimdepalma.portsdebalears.com\/wp-content\/uploads\/2022\/11\/projecte-passeig-maritim-16-300x300.jpg 300w, https:\/\/noupasseigmaritimdepalma.portsdebalears.com\/wp-content\/uploads\/2022\/11\/projecte-passeig-maritim-16-600x600.jpg 600w, https:\/\/noupasseigmaritimdepalma.portsdebalears.com\/wp-content\/uploads\/2022\/11\/projecte-passeig-maritim-16.jpg 736w\" sizes=\"auto, (max-width: 150px) 100vw, 150px\" \/><\/a>\n\t\t\t<\/div><\/figure><figure class='gallery-item'>\n\t\t\t<div class='gallery-icon landscape'>\n\t\t\t\t<a data-elementor-open-lightbox=\"yes\" data-elementor-lightbox-slideshow=\"44b63e8\" data-elementor-lightbox-title=\"projecte-passeig-maritim-5\" e-action-hash=\"#elementor-action%3Aaction%3Dlightbox%26settings%3DeyJpZCI6MTIxMzcsInVybCI6Imh0dHBzOlwvXC9ub3VwYXNzZWlnbWFyaXRpbWRlcGFsbWEucG9ydHNkZWJhbGVhcnMuY29tXC93cC1jb250ZW50XC91cGxvYWRzXC8yMDIyXC8xMVwvcHJvamVjdGUtcGFzc2VpZy1tYXJpdGltLTUuanBnIiwic2xpZGVzaG93IjoiNDRiNjNlOCJ9\" href='https:\/\/noupasseigmaritimdepalma.portsdebalears.com\/wp-content\/uploads\/2022\/11\/projecte-passeig-maritim-5.jpg'><img loading=\"lazy\" decoding=\"async\" width=\"150\" height=\"150\" src=\"https:\/\/noupasseigmaritimdepalma.portsdebalears.com\/wp-content\/uploads\/2022\/11\/projecte-passeig-maritim-5-150x150.jpg\" class=\"attachment-thumbnail size-thumbnail\" alt=\"\" \/><\/a>\n\t\t\t<\/div><\/figure>\n\t\t<\/div>\n\t\t<\/div>\n\t\t\t\t<\/div>\n\t\t\t\t<\/div>\n\t\t\t\t<div class=\"elementor-element elementor-element-c320459 elementor-widget elementor-widget-text-editor\" data-id=\"c320459\" data-element_type=\"widget\" data-widget_type=\"text-editor.default\">\n\t\t\t\t<div class=\"elementor-widget-container\">\n\t\t\t\t\t\t\t\t<div class=\"elementor-text-editor elementor-clearfix\">\n\t\t\t\t<p>A mediados del siglo XX, el primer paseo Mar\u00edtimo de Palma ya es una realidad.<\/p>\t\t\t\t\t<\/div>\n\t\t\t\t\t\t<\/div>\n\t\t\t\t<\/div>\n\t\t\t\t<div class=\"elementor-element elementor-element-770be7e elementor-widget elementor-widget-image-gallery\" data-id=\"770be7e\" data-element_type=\"widget\" data-widget_type=\"image-gallery.default\">\n\t\t\t\t<div class=\"elementor-widget-container\">\n\t\t\t\t\t<div class=\"elementor-image-gallery\">\n\t\t\t<div id='gallery-3' class='gallery galleryid-13028 gallery-columns-2 gallery-size-medium'><figure class='gallery-item'>\n\t\t\t<div class='gallery-icon landscape'>\n\t\t\t\t<a data-elementor-open-lightbox=\"yes\" data-elementor-lightbox-slideshow=\"770be7e\" data-elementor-lightbox-title=\"projecte-passeig-maritim-2\" e-action-hash=\"#elementor-action%3Aaction%3Dlightbox%26settings%3DeyJpZCI6MTIxMzEsInVybCI6Imh0dHBzOlwvXC9ub3VwYXNzZWlnbWFyaXRpbWRlcGFsbWEucG9ydHNkZWJhbGVhcnMuY29tXC93cC1jb250ZW50XC91cGxvYWRzXC8yMDIyXC8xMVwvcHJvamVjdGUtcGFzc2VpZy1tYXJpdGltLTIuanBnIiwic2xpZGVzaG93IjoiNzcwYmU3ZSJ9\" href='https:\/\/noupasseigmaritimdepalma.portsdebalears.com\/wp-content\/uploads\/2022\/11\/projecte-passeig-maritim-2.jpg'><img loading=\"lazy\" decoding=\"async\" width=\"300\" height=\"191\" src=\"https:\/\/noupasseigmaritimdepalma.portsdebalears.com\/wp-content\/uploads\/2022\/11\/projecte-passeig-maritim-2-300x191.jpg\" class=\"attachment-medium size-medium\" alt=\"\" srcset=\"https:\/\/noupasseigmaritimdepalma.portsdebalears.com\/wp-content\/uploads\/2022\/11\/projecte-passeig-maritim-2-300x191.jpg 300w, https:\/\/noupasseigmaritimdepalma.portsdebalears.com\/wp-content\/uploads\/2022\/11\/projecte-passeig-maritim-2-600x381.jpg 600w, https:\/\/noupasseigmaritimdepalma.portsdebalears.com\/wp-content\/uploads\/2022\/11\/projecte-passeig-maritim-2.jpg 700w\" sizes=\"auto, (max-width: 300px) 100vw, 300px\" \/><\/a>\n\t\t\t<\/div><\/figure><figure class='gallery-item'>\n\t\t\t<div class='gallery-icon landscape'>\n\t\t\t\t<a data-elementor-open-lightbox=\"yes\" data-elementor-lightbox-slideshow=\"770be7e\" data-elementor-lightbox-title=\"projecte-passeig-maritim-4\" e-action-hash=\"#elementor-action%3Aaction%3Dlightbox%26settings%3DeyJpZCI6MTIxMzQsInVybCI6Imh0dHBzOlwvXC9ub3VwYXNzZWlnbWFyaXRpbWRlcGFsbWEucG9ydHNkZWJhbGVhcnMuY29tXC93cC1jb250ZW50XC91cGxvYWRzXC8yMDIyXC8xMVwvcHJvamVjdGUtcGFzc2VpZy1tYXJpdGltLTQuanBnIiwic2xpZGVzaG93IjoiNzcwYmU3ZSJ9\" href='https:\/\/noupasseigmaritimdepalma.portsdebalears.com\/wp-content\/uploads\/2022\/11\/projecte-passeig-maritim-4.jpg'><img loading=\"lazy\" decoding=\"async\" width=\"300\" height=\"194\" src=\"https:\/\/noupasseigmaritimdepalma.portsdebalears.com\/wp-content\/uploads\/2022\/11\/projecte-passeig-maritim-4-300x194.jpg\" class=\"attachment-medium size-medium\" alt=\"\" srcset=\"https:\/\/noupasseigmaritimdepalma.portsdebalears.com\/wp-content\/uploads\/2022\/11\/projecte-passeig-maritim-4-300x194.jpg 300w, https:\/\/noupasseigmaritimdepalma.portsdebalears.com\/wp-content\/uploads\/2022\/11\/projecte-passeig-maritim-4-600x387.jpg 600w, https:\/\/noupasseigmaritimdepalma.portsdebalears.com\/wp-content\/uploads\/2022\/11\/projecte-passeig-maritim-4.jpg 700w\" sizes=\"auto, (max-width: 300px) 100vw, 300px\" \/><\/a>\n\t\t\t<\/div><\/figure>\n\t\t<\/div>\n\t\t<\/div>\n\t\t\t\t<\/div>\n\t\t\t\t<\/div>\n\t\t\t\t<div class=\"elementor-element elementor-element-5d5118a elementor-widget elementor-widget-text-editor\" data-id=\"5d5118a\" data-element_type=\"widget\" data-widget_type=\"text-editor.default\">\n\t\t\t\t<div class=\"elementor-widget-container\">\n\t\t\t\t\t\t\t\t<div class=\"elementor-text-editor elementor-clearfix\">\n\t\t\t\t<p class=\"MsoNormal\" style=\"text-align: justify;\">A medida que la sociedad avanza hacia la segunda mitad del siglo XX, la presencia de veh\u00edculos a motor es cada vez m\u00e1s evidente.<\/p>\t\t\t\t\t<\/div>\n\t\t\t\t\t\t<\/div>\n\t\t\t\t<\/div>\n\t\t\t\t<div class=\"elementor-element elementor-element-3072334 elementor-widget elementor-widget-image-gallery\" data-id=\"3072334\" data-element_type=\"widget\" data-widget_type=\"image-gallery.default\">\n\t\t\t\t<div class=\"elementor-widget-container\">\n\t\t\t\t\t<div class=\"elementor-image-gallery\">\n\t\t\t<div id='gallery-4' class='gallery galleryid-13028 gallery-columns-2 gallery-size-medium'><figure class='gallery-item'>\n\t\t\t<div class='gallery-icon landscape'>\n\t\t\t\t<a data-elementor-open-lightbox=\"yes\" data-elementor-lightbox-slideshow=\"3072334\" data-elementor-lightbox-title=\"projecte-passeig-maritim-9\" e-action-hash=\"#elementor-action%3Aaction%3Dlightbox%26settings%3DeyJpZCI6MTIxNDksInVybCI6Imh0dHBzOlwvXC9ub3VwYXNzZWlnbWFyaXRpbWRlcGFsbWEucG9ydHNkZWJhbGVhcnMuY29tXC93cC1jb250ZW50XC91cGxvYWRzXC8yMDIyXC8xMVwvcHJvamVjdGUtcGFzc2VpZy1tYXJpdGltLTkuanBnIiwic2xpZGVzaG93IjoiMzA3MjMzNCJ9\" href='https:\/\/noupasseigmaritimdepalma.portsdebalears.com\/wp-content\/uploads\/2022\/11\/projecte-passeig-maritim-9.jpg'><img loading=\"lazy\" decoding=\"async\" width=\"300\" height=\"200\" src=\"https:\/\/noupasseigmaritimdepalma.portsdebalears.com\/wp-content\/uploads\/2022\/11\/projecte-passeig-maritim-9-300x200.jpg\" class=\"attachment-medium size-medium\" alt=\"\" srcset=\"https:\/\/noupasseigmaritimdepalma.portsdebalears.com\/wp-content\/uploads\/2022\/11\/projecte-passeig-maritim-9-300x200.jpg 300w, https:\/\/noupasseigmaritimdepalma.portsdebalears.com\/wp-content\/uploads\/2022\/11\/projecte-passeig-maritim-9-1024x683.jpg 1024w, https:\/\/noupasseigmaritimdepalma.portsdebalears.com\/wp-content\/uploads\/2022\/11\/projecte-passeig-maritim-9-768x512.jpg 768w, https:\/\/noupasseigmaritimdepalma.portsdebalears.com\/wp-content\/uploads\/2022\/11\/projecte-passeig-maritim-9-1536x1024.jpg 1536w, https:\/\/noupasseigmaritimdepalma.portsdebalears.com\/wp-content\/uploads\/2022\/11\/projecte-passeig-maritim-9-600x400.jpg 600w, https:\/\/noupasseigmaritimdepalma.portsdebalears.com\/wp-content\/uploads\/2022\/11\/projecte-passeig-maritim-9.jpg 2048w\" sizes=\"auto, (max-width: 300px) 100vw, 300px\" \/><\/a>\n\t\t\t<\/div><\/figure><figure class='gallery-item'>\n\t\t\t<div class='gallery-icon landscape'>\n\t\t\t\t<a data-elementor-open-lightbox=\"yes\" data-elementor-lightbox-slideshow=\"3072334\" data-elementor-lightbox-title=\"projecte-passeig-maritim-12\" e-action-hash=\"#elementor-action%3Aaction%3Dlightbox%26settings%3DeyJpZCI6MTIxNTUsInVybCI6Imh0dHBzOlwvXC9ub3VwYXNzZWlnbWFyaXRpbWRlcGFsbWEucG9ydHNkZWJhbGVhcnMuY29tXC93cC1jb250ZW50XC91cGxvYWRzXC8yMDIyXC8xMVwvcHJvamVjdGUtcGFzc2VpZy1tYXJpdGltLTEyLmpwZyIsInNsaWRlc2hvdyI6IjMwNzIzMzQifQ%3D%3D\" href='https:\/\/noupasseigmaritimdepalma.portsdebalears.com\/wp-content\/uploads\/2022\/11\/projecte-passeig-maritim-12.jpg'><img loading=\"lazy\" decoding=\"async\" width=\"300\" height=\"196\" src=\"https:\/\/noupasseigmaritimdepalma.portsdebalears.com\/wp-content\/uploads\/2022\/11\/projecte-passeig-maritim-12-300x196.jpg\" class=\"attachment-medium size-medium\" alt=\"\" srcset=\"https:\/\/noupasseigmaritimdepalma.portsdebalears.com\/wp-content\/uploads\/2022\/11\/projecte-passeig-maritim-12-300x196.jpg 300w, https:\/\/noupasseigmaritimdepalma.portsdebalears.com\/wp-content\/uploads\/2022\/11\/projecte-passeig-maritim-12-600x392.jpg 600w, https:\/\/noupasseigmaritimdepalma.portsdebalears.com\/wp-content\/uploads\/2022\/11\/projecte-passeig-maritim-12.jpg 720w\" sizes=\"auto, (max-width: 300px) 100vw, 300px\" \/><\/a>\n\t\t\t<\/div><\/figure>\n\t\t<\/div>\n\t\t<\/div>\n\t\t\t\t<\/div>\n\t\t\t\t<\/div>\n\t\t\t\t<div class=\"elementor-element elementor-element-0254d97 elementor-widget elementor-widget-text-editor\" data-id=\"0254d97\" data-element_type=\"widget\" data-widget_type=\"text-editor.default\">\n\t\t\t\t<div class=\"elementor-widget-container\">\n\t\t\t\t\t\t\t\t<div class=\"elementor-text-editor elementor-clearfix\">\n\t\t\t\t<p>A finales de los a\u00f1os 70 del siglo pasado, el paseo Mar\u00edtimo ya cuenta con seis carriles de circulaci\u00f3n. En los a\u00f1os 80 y 90 contin\u00faa el crecimiento de la ciudad y de la circulaci\u00f3n. Las dos primeras d\u00e9cadas del siglo XXI son testigo de c\u00f3mo el tr\u00e1fico rodado se incrementa pr\u00e1cticamente cada a\u00f1o, muy ligado al n\u00famero de visitantes y a la poblaci\u00f3n flotante, que duplica la densidad poblacional de la isla durante la temporada tur\u00edstica.<\/p>\t\t\t\t\t<\/div>\n\t\t\t\t\t\t<\/div>\n\t\t\t\t<\/div>\n\t\t\t\t<div class=\"elementor-element elementor-element-b1c2861 elementor-widget elementor-widget-image-gallery\" data-id=\"b1c2861\" data-element_type=\"widget\" data-widget_type=\"image-gallery.default\">\n\t\t\t\t<div class=\"elementor-widget-container\">\n\t\t\t\t\t<div class=\"elementor-image-gallery\">\n\t\t\t<div id='gallery-5' class='gallery galleryid-13028 gallery-columns-2 gallery-size-medium'><figure class='gallery-item'>\n\t\t\t<div class='gallery-icon landscape'>\n\t\t\t\t<a data-elementor-open-lightbox=\"yes\" data-elementor-lightbox-slideshow=\"b1c2861\" data-elementor-lightbox-title=\"nou-passeig-maritim-palma-2\" e-action-hash=\"#elementor-action%3Aaction%3Dlightbox%26settings%3DeyJpZCI6MTE4MzUsInVybCI6Imh0dHBzOlwvXC9ub3VwYXNzZWlnbWFyaXRpbWRlcGFsbWEucG9ydHNkZWJhbGVhcnMuY29tXC93cC1jb250ZW50XC91cGxvYWRzXC8yMDIyXC8xMVwvbm91LXBhc3NlaWctbWFyaXRpbS1wYWxtYS0yLmpwZyIsInNsaWRlc2hvdyI6ImIxYzI4NjEifQ%3D%3D\" href='https:\/\/noupasseigmaritimdepalma.portsdebalears.com\/wp-content\/uploads\/2022\/11\/nou-passeig-maritim-palma-2.jpg'><img loading=\"lazy\" decoding=\"async\" width=\"300\" height=\"200\" src=\"https:\/\/noupasseigmaritimdepalma.portsdebalears.com\/wp-content\/uploads\/2022\/11\/nou-passeig-maritim-palma-2-300x200.jpg\" class=\"attachment-medium size-medium\" alt=\"\" srcset=\"https:\/\/noupasseigmaritimdepalma.portsdebalears.com\/wp-content\/uploads\/2022\/11\/nou-passeig-maritim-palma-2-300x200.jpg 300w, https:\/\/noupasseigmaritimdepalma.portsdebalears.com\/wp-content\/uploads\/2022\/11\/nou-passeig-maritim-palma-2-1024x682.jpg 1024w, https:\/\/noupasseigmaritimdepalma.portsdebalears.com\/wp-content\/uploads\/2022\/11\/nou-passeig-maritim-palma-2-768x512.jpg 768w, https:\/\/noupasseigmaritimdepalma.portsdebalears.com\/wp-content\/uploads\/2022\/11\/nou-passeig-maritim-palma-2-1536x1023.jpg 1536w, https:\/\/noupasseigmaritimdepalma.portsdebalears.com\/wp-content\/uploads\/2022\/11\/nou-passeig-maritim-palma-2-600x400.jpg 600w, https:\/\/noupasseigmaritimdepalma.portsdebalears.com\/wp-content\/uploads\/2022\/11\/nou-passeig-maritim-palma-2.jpg 1621w\" sizes=\"auto, (max-width: 300px) 100vw, 300px\" \/><\/a>\n\t\t\t<\/div><\/figure><figure class='gallery-item'>\n\t\t\t<div class='gallery-icon landscape'>\n\t\t\t\t<a data-elementor-open-lightbox=\"yes\" data-elementor-lightbox-slideshow=\"b1c2861\" data-elementor-lightbox-title=\"projecte-passeig-maritim-31\" e-action-hash=\"#elementor-action%3Aaction%3Dlightbox%26settings%3DeyJpZCI6MTIzODIsInVybCI6Imh0dHBzOlwvXC9ub3VwYXNzZWlnbWFyaXRpbWRlcGFsbWEucG9ydHNkZWJhbGVhcnMuY29tXC93cC1jb250ZW50XC91cGxvYWRzXC8yMDIyXC8xMVwvcHJvamVjdGUtcGFzc2VpZy1tYXJpdGltLTMxLmpwZyIsInNsaWRlc2hvdyI6ImIxYzI4NjEifQ%3D%3D\" href='https:\/\/noupasseigmaritimdepalma.portsdebalears.com\/wp-content\/uploads\/2022\/11\/projecte-passeig-maritim-31.jpg'><img loading=\"lazy\" decoding=\"async\" width=\"300\" height=\"174\" src=\"https:\/\/noupasseigmaritimdepalma.portsdebalears.com\/wp-content\/uploads\/2022\/11\/projecte-passeig-maritim-31-300x174.jpg\" class=\"attachment-medium size-medium\" alt=\"\" srcset=\"https:\/\/noupasseigmaritimdepalma.portsdebalears.com\/wp-content\/uploads\/2022\/11\/projecte-passeig-maritim-31-300x174.jpg 300w, https:\/\/noupasseigmaritimdepalma.portsdebalears.com\/wp-content\/uploads\/2022\/11\/projecte-passeig-maritim-31-1024x593.jpg 1024w, https:\/\/noupasseigmaritimdepalma.portsdebalears.com\/wp-content\/uploads\/2022\/11\/projecte-passeig-maritim-31-768x445.jpg 768w, https:\/\/noupasseigmaritimdepalma.portsdebalears.com\/wp-content\/uploads\/2022\/11\/projecte-passeig-maritim-31-600x348.jpg 600w, https:\/\/noupasseigmaritimdepalma.portsdebalears.com\/wp-content\/uploads\/2022\/11\/projecte-passeig-maritim-31.jpg 1512w\" sizes=\"auto, (max-width: 300px) 100vw, 300px\" \/><\/a>\n\t\t\t<\/div><\/figure><figure class='gallery-item'>\n\t\t\t<div class='gallery-icon landscape'>\n\t\t\t\t<a data-elementor-open-lightbox=\"yes\" data-elementor-lightbox-slideshow=\"b1c2861\" data-elementor-lightbox-title=\"projecte-passeig-maritim-29\" e-action-hash=\"#elementor-action%3Aaction%3Dlightbox%26settings%3DeyJpZCI6MTIzNzYsInVybCI6Imh0dHBzOlwvXC9ub3VwYXNzZWlnbWFyaXRpbWRlcGFsbWEucG9ydHNkZWJhbGVhcnMuY29tXC93cC1jb250ZW50XC91cGxvYWRzXC8yMDIyXC8xMVwvcHJvamVjdGUtcGFzc2VpZy1tYXJpdGltLTI5LmpwZyIsInNsaWRlc2hvdyI6ImIxYzI4NjEifQ%3D%3D\" href='https:\/\/noupasseigmaritimdepalma.portsdebalears.com\/wp-content\/uploads\/2022\/11\/projecte-passeig-maritim-29.jpg'><img loading=\"lazy\" decoding=\"async\" width=\"300\" height=\"171\" src=\"https:\/\/noupasseigmaritimdepalma.portsdebalears.com\/wp-content\/uploads\/2022\/11\/projecte-passeig-maritim-29-300x171.jpg\" class=\"attachment-medium size-medium\" alt=\"\" srcset=\"https:\/\/noupasseigmaritimdepalma.portsdebalears.com\/wp-content\/uploads\/2022\/11\/projecte-passeig-maritim-29-300x171.jpg 300w, https:\/\/noupasseigmaritimdepalma.portsdebalears.com\/wp-content\/uploads\/2022\/11\/projecte-passeig-maritim-29-1024x582.jpg 1024w, https:\/\/noupasseigmaritimdepalma.portsdebalears.com\/wp-content\/uploads\/2022\/11\/projecte-passeig-maritim-29-768x437.jpg 768w, https:\/\/noupasseigmaritimdepalma.portsdebalears.com\/wp-content\/uploads\/2022\/11\/projecte-passeig-maritim-29-600x341.jpg 600w, https:\/\/noupasseigmaritimdepalma.portsdebalears.com\/wp-content\/uploads\/2022\/11\/projecte-passeig-maritim-29.jpg 1488w\" sizes=\"auto, (max-width: 300px) 100vw, 300px\" \/><\/a>\n\t\t\t<\/div><\/figure><figure class='gallery-item'>\n\t\t\t<div class='gallery-icon landscape'>\n\t\t\t\t<a data-elementor-open-lightbox=\"yes\" data-elementor-lightbox-slideshow=\"b1c2861\" data-elementor-lightbox-title=\"projecte-passeig-maritim-30\" e-action-hash=\"#elementor-action%3Aaction%3Dlightbox%26settings%3DeyJpZCI6MTIzNzksInVybCI6Imh0dHBzOlwvXC9ub3VwYXNzZWlnbWFyaXRpbWRlcGFsbWEucG9ydHNkZWJhbGVhcnMuY29tXC93cC1jb250ZW50XC91cGxvYWRzXC8yMDIyXC8xMVwvcHJvamVjdGUtcGFzc2VpZy1tYXJpdGltLTMwLmpwZyIsInNsaWRlc2hvdyI6ImIxYzI4NjEifQ%3D%3D\" href='https:\/\/noupasseigmaritimdepalma.portsdebalears.com\/wp-content\/uploads\/2022\/11\/projecte-passeig-maritim-30.jpg'><img loading=\"lazy\" decoding=\"async\" width=\"300\" height=\"178\" src=\"https:\/\/noupasseigmaritimdepalma.portsdebalears.com\/wp-content\/uploads\/2022\/11\/projecte-passeig-maritim-30-300x178.jpg\" class=\"attachment-medium size-medium\" alt=\"\" srcset=\"https:\/\/noupasseigmaritimdepalma.portsdebalears.com\/wp-content\/uploads\/2022\/11\/projecte-passeig-maritim-30-300x178.jpg 300w, https:\/\/noupasseigmaritimdepalma.portsdebalears.com\/wp-content\/uploads\/2022\/11\/projecte-passeig-maritim-30-1024x609.jpg 1024w, https:\/\/noupasseigmaritimdepalma.portsdebalears.com\/wp-content\/uploads\/2022\/11\/projecte-passeig-maritim-30-768x457.jpg 768w, https:\/\/noupasseigmaritimdepalma.portsdebalears.com\/wp-content\/uploads\/2022\/11\/projecte-passeig-maritim-30-600x357.jpg 600w, https:\/\/noupasseigmaritimdepalma.portsdebalears.com\/wp-content\/uploads\/2022\/11\/projecte-passeig-maritim-30.jpg 1407w\" sizes=\"auto, (max-width: 300px) 100vw, 300px\" \/><\/a>\n\t\t\t<\/div><\/figure>\n\t\t<\/div>\n\t\t<\/div>\n\t\t\t\t<\/div>\n\t\t\t\t<\/div>\n\t\t\t\t<div class=\"elementor-element elementor-element-a1ecaa5 elementor-widget elementor-widget-text-editor\" data-id=\"a1ecaa5\" data-element_type=\"widget\" data-widget_type=\"text-editor.default\">\n\t\t\t\t<div class=\"elementor-widget-container\">\n\t\t\t\t\t\t\t\t<div class=\"elementor-text-editor elementor-clearfix\">\n\t\t\t\t<p>Claramente el paseo Mar\u00edtimo siempre ha sido parte viva y cambiante de Palma.<\/p>\t\t\t\t\t<\/div>\n\t\t\t\t\t\t<\/div>\n\t\t\t\t<\/div>\n\t\t\t\t\t\t<\/div>\n\t\t\t\t\t<\/div>\n\t\t<\/div>\n\t\t\t\t\t\t\t\t<\/div>\n\t\t\t\t\t<\/div>\n\t\t<\/section>\n\t\t\t\t<section class=\"elementor-section elementor-inner-section elementor-element elementor-element-3da1729 elementor-section-boxed elementor-section-height-default elementor-section-height-default\" data-id=\"3da1729\" data-element_type=\"section\" id=\"proceso\">\n\t\t\t\t\t\t<div class=\"elementor-container elementor-column-gap-default\">\n\t\t\t\t\t\t\t<div class=\"elementor-row\">\n\t\t\t\t\t<div class=\"elementor-column elementor-col-100 elementor-inner-column elementor-element elementor-element-d69b4d2\" data-id=\"d69b4d2\" data-element_type=\"column\">\n\t\t\t<div class=\"elementor-column-wrap elementor-element-populated\">\n\t\t\t\t\t\t\t<div class=\"elementor-widget-wrap\">\n\t\t\t\t\t\t<div class=\"elementor-element elementor-element-dba54f5 elementor-widget elementor-widget-industrium_heading\" data-id=\"dba54f5\" data-element_type=\"widget\" data-widget_type=\"industrium_heading.default\">\n\t\t\t\t<div class=\"elementor-widget-container\">\n\t\t\t<div class=\"industrium-heading-widget\"><h2 class=\"industrium-heading\"><span class=\"industrium-heading-content\">PROCESO DE MADURACI\u00d3N Y GESTACI\u00d3N<\/span><\/h2><\/div>\t\t<\/div>\n\t\t\t\t<\/div>\n\t\t\t\t<div class=\"elementor-element elementor-element-9ef205f elementor-widget elementor-widget-text-editor\" data-id=\"9ef205f\" data-element_type=\"widget\" data-widget_type=\"text-editor.default\">\n\t\t\t\t<div class=\"elementor-widget-container\">\n\t\t\t\t\t\t\t\t<div class=\"elementor-text-editor elementor-clearfix\">\n\t\t\t\t<p>Tanto la Autoridad Portuaria de Baleares (APB) como el Ayuntamiento de Palma son conscientes de la necesidad de implementar mejoras en los siguientes \u00e1mbitos:<\/p><ul><li>Fomentar y facilitar el uso del transporte p\u00fablico y medios de transporte sostenibles en detrimento de los veh\u00edculos a motor.<\/li><\/ul>\t\t\t\t\t<\/div>\n\t\t\t\t\t\t<\/div>\n\t\t\t\t<\/div>\n\t\t\t\t<div class=\"elementor-element elementor-element-09e6132 elementor-widget elementor-widget-image-gallery\" data-id=\"09e6132\" data-element_type=\"widget\" data-widget_type=\"image-gallery.default\">\n\t\t\t\t<div class=\"elementor-widget-container\">\n\t\t\t\t\t<div class=\"elementor-image-gallery\">\n\t\t\t<div id='gallery-6' class='gallery galleryid-13028 gallery-columns-2 gallery-size-medium'><figure class='gallery-item'>\n\t\t\t<div class='gallery-icon landscape'>\n\t\t\t\t<a data-elementor-open-lightbox=\"yes\" data-elementor-lightbox-slideshow=\"09e6132\" data-elementor-lightbox-title=\"projecte-passeig-maritim-21\" e-action-hash=\"#elementor-action%3Aaction%3Dlightbox%26settings%3DeyJpZCI6MTIzNTIsInVybCI6Imh0dHBzOlwvXC9ub3VwYXNzZWlnbWFyaXRpbWRlcGFsbWEucG9ydHNkZWJhbGVhcnMuY29tXC93cC1jb250ZW50XC91cGxvYWRzXC8yMDIyXC8xMVwvcHJvamVjdGUtcGFzc2VpZy1tYXJpdGltLTIxLmpwZyIsInNsaWRlc2hvdyI6IjA5ZTYxMzIifQ%3D%3D\" href='https:\/\/noupasseigmaritimdepalma.portsdebalears.com\/wp-content\/uploads\/2022\/11\/projecte-passeig-maritim-21.jpg'><img loading=\"lazy\" decoding=\"async\" width=\"300\" height=\"169\" src=\"https:\/\/noupasseigmaritimdepalma.portsdebalears.com\/wp-content\/uploads\/2022\/11\/projecte-passeig-maritim-21-300x169.jpg\" class=\"attachment-medium size-medium\" alt=\"\" srcset=\"https:\/\/noupasseigmaritimdepalma.portsdebalears.com\/wp-content\/uploads\/2022\/11\/projecte-passeig-maritim-21-300x169.jpg 300w, https:\/\/noupasseigmaritimdepalma.portsdebalears.com\/wp-content\/uploads\/2022\/11\/projecte-passeig-maritim-21-1024x576.jpg 1024w, https:\/\/noupasseigmaritimdepalma.portsdebalears.com\/wp-content\/uploads\/2022\/11\/projecte-passeig-maritim-21-768x432.jpg 768w, https:\/\/noupasseigmaritimdepalma.portsdebalears.com\/wp-content\/uploads\/2022\/11\/projecte-passeig-maritim-21-1536x864.jpg 1536w, https:\/\/noupasseigmaritimdepalma.portsdebalears.com\/wp-content\/uploads\/2022\/11\/projecte-passeig-maritim-21-600x338.jpg 600w, https:\/\/noupasseigmaritimdepalma.portsdebalears.com\/wp-content\/uploads\/2022\/11\/projecte-passeig-maritim-21.jpg 1919w\" sizes=\"auto, (max-width: 300px) 100vw, 300px\" \/><\/a>\n\t\t\t<\/div><\/figure><figure class='gallery-item'>\n\t\t\t<div class='gallery-icon landscape'>\n\t\t\t\t<a data-elementor-open-lightbox=\"yes\" data-elementor-lightbox-slideshow=\"09e6132\" data-elementor-lightbox-title=\"projecte-passeig-maritim-20\" e-action-hash=\"#elementor-action%3Aaction%3Dlightbox%26settings%3DeyJpZCI6MTIzNDksInVybCI6Imh0dHBzOlwvXC9ub3VwYXNzZWlnbWFyaXRpbWRlcGFsbWEucG9ydHNkZWJhbGVhcnMuY29tXC93cC1jb250ZW50XC91cGxvYWRzXC8yMDIyXC8xMVwvcHJvamVjdGUtcGFzc2VpZy1tYXJpdGltLTIwLmpwZyIsInNsaWRlc2hvdyI6IjA5ZTYxMzIifQ%3D%3D\" href='https:\/\/noupasseigmaritimdepalma.portsdebalears.com\/wp-content\/uploads\/2022\/11\/projecte-passeig-maritim-20.jpg'><img loading=\"lazy\" decoding=\"async\" width=\"300\" height=\"162\" src=\"https:\/\/noupasseigmaritimdepalma.portsdebalears.com\/wp-content\/uploads\/2022\/11\/projecte-passeig-maritim-20-300x162.jpg\" class=\"attachment-medium size-medium\" alt=\"\" srcset=\"https:\/\/noupasseigmaritimdepalma.portsdebalears.com\/wp-content\/uploads\/2022\/11\/projecte-passeig-maritim-20-300x162.jpg 300w, https:\/\/noupasseigmaritimdepalma.portsdebalears.com\/wp-content\/uploads\/2022\/11\/projecte-passeig-maritim-20-1024x554.jpg 1024w, https:\/\/noupasseigmaritimdepalma.portsdebalears.com\/wp-content\/uploads\/2022\/11\/projecte-passeig-maritim-20-768x415.jpg 768w, https:\/\/noupasseigmaritimdepalma.portsdebalears.com\/wp-content\/uploads\/2022\/11\/projecte-passeig-maritim-20-1536x830.jpg 1536w, https:\/\/noupasseigmaritimdepalma.portsdebalears.com\/wp-content\/uploads\/2022\/11\/projecte-passeig-maritim-20-600x324.jpg 600w, https:\/\/noupasseigmaritimdepalma.portsdebalears.com\/wp-content\/uploads\/2022\/11\/projecte-passeig-maritim-20.jpg 1626w\" sizes=\"auto, (max-width: 300px) 100vw, 300px\" \/><\/a>\n\t\t\t<\/div><\/figure>\n\t\t<\/div>\n\t\t<\/div>\n\t\t\t\t<\/div>\n\t\t\t\t<\/div>\n\t\t\t\t<div class=\"elementor-element elementor-element-8d4ea18 elementor-widget elementor-widget-text-editor\" data-id=\"8d4ea18\" data-element_type=\"widget\" data-widget_type=\"text-editor.default\">\n\t\t\t\t<div class=\"elementor-widget-container\">\n\t\t\t\t\t\t\t\t<div class=\"elementor-text-editor elementor-clearfix\">\n\t\t\t\t<ul><li>Pacificaci\u00f3n del tr\u00e1fico rodado. Habilitar m\u00e1s recorridos sin interrupciones dentro del propio paseo para peatones y bicicletas<\/li><li>Integrar y conectar el puerto con los barrios de la ciudad, ahora separados por una densa circulaci\u00f3n.<\/li><li>Unificar espacios residuales para generar espacios libres vinculados al paseo Mar\u00edtimo.<\/li><li>Renaturalizaci\u00f3n del paseo Mar\u00edtimo.<\/li><li>Potenciar usos y actividades al paseo Mar\u00edtimo<\/li><\/ul>\t\t\t\t\t<\/div>\n\t\t\t\t\t\t<\/div>\n\t\t\t\t<\/div>\n\t\t\t\t<div class=\"elementor-element elementor-element-ff99a4c elementor-widget elementor-widget-image-gallery\" data-id=\"ff99a4c\" data-element_type=\"widget\" data-widget_type=\"image-gallery.default\">\n\t\t\t\t<div class=\"elementor-widget-container\">\n\t\t\t\t\t<div class=\"elementor-image-gallery\">\n\t\t\t<div id='gallery-7' class='gallery galleryid-13028 gallery-columns-2 gallery-size-medium'><figure class='gallery-item'>\n\t\t\t<div class='gallery-icon landscape'>\n\t\t\t\t<a data-elementor-open-lightbox=\"yes\" data-elementor-lightbox-slideshow=\"ff99a4c\" data-elementor-lightbox-title=\"projecte-passeig-maritim-23\" e-action-hash=\"#elementor-action%3Aaction%3Dlightbox%26settings%3DeyJpZCI6MTIzNTgsInVybCI6Imh0dHBzOlwvXC9ub3VwYXNzZWlnbWFyaXRpbWRlcGFsbWEucG9ydHNkZWJhbGVhcnMuY29tXC93cC1jb250ZW50XC91cGxvYWRzXC8yMDIyXC8xMVwvcHJvamVjdGUtcGFzc2VpZy1tYXJpdGltLTIzLmpwZyIsInNsaWRlc2hvdyI6ImZmOTlhNGMifQ%3D%3D\" href='https:\/\/noupasseigmaritimdepalma.portsdebalears.com\/wp-content\/uploads\/2022\/11\/projecte-passeig-maritim-23.jpg'><img loading=\"lazy\" decoding=\"async\" width=\"300\" height=\"166\" src=\"https:\/\/noupasseigmaritimdepalma.portsdebalears.com\/wp-content\/uploads\/2022\/11\/projecte-passeig-maritim-23-300x166.jpg\" class=\"attachment-medium size-medium\" alt=\"\" srcset=\"https:\/\/noupasseigmaritimdepalma.portsdebalears.com\/wp-content\/uploads\/2022\/11\/projecte-passeig-maritim-23-300x166.jpg 300w, https:\/\/noupasseigmaritimdepalma.portsdebalears.com\/wp-content\/uploads\/2022\/11\/projecte-passeig-maritim-23-1024x567.jpg 1024w, https:\/\/noupasseigmaritimdepalma.portsdebalears.com\/wp-content\/uploads\/2022\/11\/projecte-passeig-maritim-23-768x425.jpg 768w, https:\/\/noupasseigmaritimdepalma.portsdebalears.com\/wp-content\/uploads\/2022\/11\/projecte-passeig-maritim-23-1536x850.jpg 1536w, https:\/\/noupasseigmaritimdepalma.portsdebalears.com\/wp-content\/uploads\/2022\/11\/projecte-passeig-maritim-23-600x332.jpg 600w, https:\/\/noupasseigmaritimdepalma.portsdebalears.com\/wp-content\/uploads\/2022\/11\/projecte-passeig-maritim-23.jpg 1593w\" sizes=\"auto, (max-width: 300px) 100vw, 300px\" \/><\/a>\n\t\t\t<\/div><\/figure><figure class='gallery-item'>\n\t\t\t<div class='gallery-icon landscape'>\n\t\t\t\t<a data-elementor-open-lightbox=\"yes\" data-elementor-lightbox-slideshow=\"ff99a4c\" data-elementor-lightbox-title=\"projecte-passeig-maritim-24\" e-action-hash=\"#elementor-action%3Aaction%3Dlightbox%26settings%3DeyJpZCI6MTIzNjEsInVybCI6Imh0dHBzOlwvXC9ub3VwYXNzZWlnbWFyaXRpbWRlcGFsbWEucG9ydHNkZWJhbGVhcnMuY29tXC93cC1jb250ZW50XC91cGxvYWRzXC8yMDIyXC8xMVwvcHJvamVjdGUtcGFzc2VpZy1tYXJpdGltLTI0LmpwZyIsInNsaWRlc2hvdyI6ImZmOTlhNGMifQ%3D%3D\" href='https:\/\/noupasseigmaritimdepalma.portsdebalears.com\/wp-content\/uploads\/2022\/11\/projecte-passeig-maritim-24.jpg'><img loading=\"lazy\" decoding=\"async\" width=\"300\" height=\"173\" src=\"https:\/\/noupasseigmaritimdepalma.portsdebalears.com\/wp-content\/uploads\/2022\/11\/projecte-passeig-maritim-24-300x173.jpg\" class=\"attachment-medium size-medium\" alt=\"\" srcset=\"https:\/\/noupasseigmaritimdepalma.portsdebalears.com\/wp-content\/uploads\/2022\/11\/projecte-passeig-maritim-24-300x173.jpg 300w, https:\/\/noupasseigmaritimdepalma.portsdebalears.com\/wp-content\/uploads\/2022\/11\/projecte-passeig-maritim-24-1024x590.jpg 1024w, https:\/\/noupasseigmaritimdepalma.portsdebalears.com\/wp-content\/uploads\/2022\/11\/projecte-passeig-maritim-24-768x443.jpg 768w, https:\/\/noupasseigmaritimdepalma.portsdebalears.com\/wp-content\/uploads\/2022\/11\/projecte-passeig-maritim-24-600x346.jpg 600w, https:\/\/noupasseigmaritimdepalma.portsdebalears.com\/wp-content\/uploads\/2022\/11\/projecte-passeig-maritim-24.jpg 1452w\" sizes=\"auto, (max-width: 300px) 100vw, 300px\" \/><\/a>\n\t\t\t<\/div><\/figure><figure class='gallery-item'>\n\t\t\t<div class='gallery-icon landscape'>\n\t\t\t\t<a data-elementor-open-lightbox=\"yes\" data-elementor-lightbox-slideshow=\"ff99a4c\" data-elementor-lightbox-title=\"projecte-passeig-maritim-25\" e-action-hash=\"#elementor-action%3Aaction%3Dlightbox%26settings%3DeyJpZCI6MTIzNjQsInVybCI6Imh0dHBzOlwvXC9ub3VwYXNzZWlnbWFyaXRpbWRlcGFsbWEucG9ydHNkZWJhbGVhcnMuY29tXC93cC1jb250ZW50XC91cGxvYWRzXC8yMDIyXC8xMVwvcHJvamVjdGUtcGFzc2VpZy1tYXJpdGltLTI1LmpwZyIsInNsaWRlc2hvdyI6ImZmOTlhNGMifQ%3D%3D\" href='https:\/\/noupasseigmaritimdepalma.portsdebalears.com\/wp-content\/uploads\/2022\/11\/projecte-passeig-maritim-25.jpg'><img loading=\"lazy\" decoding=\"async\" width=\"300\" height=\"165\" src=\"https:\/\/noupasseigmaritimdepalma.portsdebalears.com\/wp-content\/uploads\/2022\/11\/projecte-passeig-maritim-25-300x165.jpg\" class=\"attachment-medium size-medium\" alt=\"\" srcset=\"https:\/\/noupasseigmaritimdepalma.portsdebalears.com\/wp-content\/uploads\/2022\/11\/projecte-passeig-maritim-25-300x165.jpg 300w, https:\/\/noupasseigmaritimdepalma.portsdebalears.com\/wp-content\/uploads\/2022\/11\/projecte-passeig-maritim-25-1024x565.jpg 1024w, https:\/\/noupasseigmaritimdepalma.portsdebalears.com\/wp-content\/uploads\/2022\/11\/projecte-passeig-maritim-25-768x424.jpg 768w, https:\/\/noupasseigmaritimdepalma.portsdebalears.com\/wp-content\/uploads\/2022\/11\/projecte-passeig-maritim-25-1536x847.jpg 1536w, https:\/\/noupasseigmaritimdepalma.portsdebalears.com\/wp-content\/uploads\/2022\/11\/projecte-passeig-maritim-25-600x331.jpg 600w, https:\/\/noupasseigmaritimdepalma.portsdebalears.com\/wp-content\/uploads\/2022\/11\/projecte-passeig-maritim-25.jpg 1626w\" sizes=\"auto, (max-width: 300px) 100vw, 300px\" \/><\/a>\n\t\t\t<\/div><\/figure><figure class='gallery-item'>\n\t\t\t<div class='gallery-icon landscape'>\n\t\t\t\t<a data-elementor-open-lightbox=\"yes\" data-elementor-lightbox-slideshow=\"ff99a4c\" data-elementor-lightbox-title=\"projecte-passeig-maritim-22\" e-action-hash=\"#elementor-action%3Aaction%3Dlightbox%26settings%3DeyJpZCI6MTIzNTUsInVybCI6Imh0dHBzOlwvXC9ub3VwYXNzZWlnbWFyaXRpbWRlcGFsbWEucG9ydHNkZWJhbGVhcnMuY29tXC93cC1jb250ZW50XC91cGxvYWRzXC8yMDIyXC8xMVwvcHJvamVjdGUtcGFzc2VpZy1tYXJpdGltLTIyLmpwZyIsInNsaWRlc2hvdyI6ImZmOTlhNGMifQ%3D%3D\" href='https:\/\/noupasseigmaritimdepalma.portsdebalears.com\/wp-content\/uploads\/2022\/11\/projecte-passeig-maritim-22.jpg'><img loading=\"lazy\" decoding=\"async\" width=\"300\" height=\"165\" src=\"https:\/\/noupasseigmaritimdepalma.portsdebalears.com\/wp-content\/uploads\/2022\/11\/projecte-passeig-maritim-22-300x165.jpg\" class=\"attachment-medium size-medium\" alt=\"\" srcset=\"https:\/\/noupasseigmaritimdepalma.portsdebalears.com\/wp-content\/uploads\/2022\/11\/projecte-passeig-maritim-22-300x165.jpg 300w, https:\/\/noupasseigmaritimdepalma.portsdebalears.com\/wp-content\/uploads\/2022\/11\/projecte-passeig-maritim-22-1024x563.jpg 1024w, https:\/\/noupasseigmaritimdepalma.portsdebalears.com\/wp-content\/uploads\/2022\/11\/projecte-passeig-maritim-22-768x422.jpg 768w, https:\/\/noupasseigmaritimdepalma.portsdebalears.com\/wp-content\/uploads\/2022\/11\/projecte-passeig-maritim-22-1536x844.jpg 1536w, https:\/\/noupasseigmaritimdepalma.portsdebalears.com\/wp-content\/uploads\/2022\/11\/projecte-passeig-maritim-22-600x330.jpg 600w, https:\/\/noupasseigmaritimdepalma.portsdebalears.com\/wp-content\/uploads\/2022\/11\/projecte-passeig-maritim-22.jpg 1638w\" sizes=\"auto, (max-width: 300px) 100vw, 300px\" \/><\/a>\n\t\t\t<\/div><\/figure>\n\t\t<\/div>\n\t\t<\/div>\n\t\t\t\t<\/div>\n\t\t\t\t<\/div>\n\t\t\t\t<div class=\"elementor-element elementor-element-d21d6b0 elementor-widget elementor-widget-text-editor\" data-id=\"d21d6b0\" data-element_type=\"widget\" data-widget_type=\"text-editor.default\">\n\t\t\t\t<div class=\"elementor-widget-container\">\n\t\t\t\t\t\t\t\t<div class=\"elementor-text-editor elementor-clearfix\">\n\t\t\t\t<p>Estos objetivos prioritarios quedan reflejados en el <strong>Proyecto B\u00e1sico de Remodelaci\u00f3n del Paseo Mar\u00edtimo<\/strong>, redactado en los primeros seis meses de 2019 por la UTE JAMLET-TYPSA. Se publica en el BOE en el mes de agosto.<\/p><p>Por su parte, el \u00e1rea de Urbanismo del Ayuntamiento de Palma emite un informe favorable del Proyecto B\u00e1sico con fecha del 24 de enero de 2020. El departamento de Movilidad del Consistorio tambi\u00e9n realiz\u00f3 un informe (septiembre de 2020) con diferentes observaciones que se han tenido en cuenta e implementado.<\/p><p>De la misma manera se ha actuado con la resoluci\u00f3n emitida por la presidenta de la Comisi\u00f3n Insular de Patrimonio Hist\u00f3rico del Consell de Mallorca en junio de 2020.<\/p>\t\t\t\t\t<\/div>\n\t\t\t\t\t\t<\/div>\n\t\t\t\t<\/div>\n\t\t\t\t<div class=\"elementor-element elementor-element-1370934 elementor-widget elementor-widget-image-gallery\" data-id=\"1370934\" data-element_type=\"widget\" data-widget_type=\"image-gallery.default\">\n\t\t\t\t<div class=\"elementor-widget-container\">\n\t\t\t\t\t<div class=\"elementor-image-gallery\">\n\t\t\t<div id='gallery-8' class='gallery galleryid-13028 gallery-columns-2 gallery-size-medium'><figure class='gallery-item'>\n\t\t\t<div class='gallery-icon landscape'>\n\t\t\t\t<a data-elementor-open-lightbox=\"yes\" data-elementor-lightbox-slideshow=\"1370934\" data-elementor-lightbox-title=\"nou-passeig-maritim-palma-1\" e-action-hash=\"#elementor-action%3Aaction%3Dlightbox%26settings%3DeyJpZCI6MTE4MzIsInVybCI6Imh0dHBzOlwvXC9ub3VwYXNzZWlnbWFyaXRpbWRlcGFsbWEucG9ydHNkZWJhbGVhcnMuY29tXC93cC1jb250ZW50XC91cGxvYWRzXC8yMDIyXC8xMVwvbm91LXBhc3NlaWctbWFyaXRpbS1wYWxtYS0xLmpwZyIsInNsaWRlc2hvdyI6IjEzNzA5MzQifQ%3D%3D\" href='https:\/\/noupasseigmaritimdepalma.portsdebalears.com\/wp-content\/uploads\/2022\/11\/nou-passeig-maritim-palma-1.jpg'><img loading=\"lazy\" decoding=\"async\" width=\"300\" height=\"200\" src=\"https:\/\/noupasseigmaritimdepalma.portsdebalears.com\/wp-content\/uploads\/2022\/11\/nou-passeig-maritim-palma-1-300x200.jpg\" class=\"attachment-medium size-medium\" alt=\"\" srcset=\"https:\/\/noupasseigmaritimdepalma.portsdebalears.com\/wp-content\/uploads\/2022\/11\/nou-passeig-maritim-palma-1-300x200.jpg 300w, https:\/\/noupasseigmaritimdepalma.portsdebalears.com\/wp-content\/uploads\/2022\/11\/nou-passeig-maritim-palma-1-1024x683.jpg 1024w, https:\/\/noupasseigmaritimdepalma.portsdebalears.com\/wp-content\/uploads\/2022\/11\/nou-passeig-maritim-palma-1-768x512.jpg 768w, https:\/\/noupasseigmaritimdepalma.portsdebalears.com\/wp-content\/uploads\/2022\/11\/nou-passeig-maritim-palma-1-1536x1024.jpg 1536w, https:\/\/noupasseigmaritimdepalma.portsdebalears.com\/wp-content\/uploads\/2022\/11\/nou-passeig-maritim-palma-1-600x400.jpg 600w, https:\/\/noupasseigmaritimdepalma.portsdebalears.com\/wp-content\/uploads\/2022\/11\/nou-passeig-maritim-palma-1.jpg 1620w\" sizes=\"auto, (max-width: 300px) 100vw, 300px\" \/><\/a>\n\t\t\t<\/div><\/figure><figure class='gallery-item'>\n\t\t\t<div class='gallery-icon landscape'>\n\t\t\t\t<a data-elementor-open-lightbox=\"yes\" data-elementor-lightbox-slideshow=\"1370934\" data-elementor-lightbox-title=\"nou-passeig-maritim-palma-7\" e-action-hash=\"#elementor-action%3Aaction%3Dlightbox%26settings%3DeyJpZCI6MTE4NTAsInVybCI6Imh0dHBzOlwvXC9ub3VwYXNzZWlnbWFyaXRpbWRlcGFsbWEucG9ydHNkZWJhbGVhcnMuY29tXC93cC1jb250ZW50XC91cGxvYWRzXC8yMDIyXC8xMVwvbm91LXBhc3NlaWctbWFyaXRpbS1wYWxtYS03LmpwZyIsInNsaWRlc2hvdyI6IjEzNzA5MzQifQ%3D%3D\" href='https:\/\/noupasseigmaritimdepalma.portsdebalears.com\/wp-content\/uploads\/2022\/11\/nou-passeig-maritim-palma-7.jpg'><img loading=\"lazy\" decoding=\"async\" width=\"300\" height=\"200\" src=\"https:\/\/noupasseigmaritimdepalma.portsdebalears.com\/wp-content\/uploads\/2022\/11\/nou-passeig-maritim-palma-7-300x200.jpg\" class=\"attachment-medium size-medium\" alt=\"\" srcset=\"https:\/\/noupasseigmaritimdepalma.portsdebalears.com\/wp-content\/uploads\/2022\/11\/nou-passeig-maritim-palma-7-300x200.jpg 300w, https:\/\/noupasseigmaritimdepalma.portsdebalears.com\/wp-content\/uploads\/2022\/11\/nou-passeig-maritim-palma-7-1024x683.jpg 1024w, https:\/\/noupasseigmaritimdepalma.portsdebalears.com\/wp-content\/uploads\/2022\/11\/nou-passeig-maritim-palma-7-768x512.jpg 768w, https:\/\/noupasseigmaritimdepalma.portsdebalears.com\/wp-content\/uploads\/2022\/11\/nou-passeig-maritim-palma-7-1536x1025.jpg 1536w, https:\/\/noupasseigmaritimdepalma.portsdebalears.com\/wp-content\/uploads\/2022\/11\/nou-passeig-maritim-palma-7-600x400.jpg 600w, https:\/\/noupasseigmaritimdepalma.portsdebalears.com\/wp-content\/uploads\/2022\/11\/nou-passeig-maritim-palma-7.jpg 1619w\" sizes=\"auto, (max-width: 300px) 100vw, 300px\" \/><\/a>\n\t\t\t<\/div><\/figure>\n\t\t<\/div>\n\t\t<\/div>\n\t\t\t\t<\/div>\n\t\t\t\t<\/div>\n\t\t\t\t<div class=\"elementor-element elementor-element-032fe2d elementor-widget elementor-widget-text-editor\" data-id=\"032fe2d\" data-element_type=\"widget\" data-widget_type=\"text-editor.default\">\n\t\t\t\t<div class=\"elementor-widget-container\">\n\t\t\t\t\t\t\t\t<div class=\"elementor-text-editor elementor-clearfix\">\n\t\t\t\t<p>Superado el periodo de alegaciones en octubre de 2019 y hasta enero de 2021 se contin\u00faa con la redacci\u00f3n del <strong>Proyecto Constructivo del paseo Mar\u00edtimo<\/strong>. Una tarea tambi\u00e9n realizada por la UTE JAMLET-TYPSA en coordinaci\u00f3n con la APB y el Ayuntamiento de Palma.<\/p><p>El Consejo de Ministros autoriza la contrataci\u00f3n de las obras para ejecutar el proyecto constructivo el 21 de diciembre de 2021 y el d\u00eda 23 de ese mes salen a concurso. Se presenta un total de 12 licitadoras y resulta ganadora la UTE Paseo Mar\u00edtimo de Palma. Est\u00e1 formada por las empresas Melchor Mascar\u00f3, Aglomsa, Vopsa y Urbient.<\/p><p>El 7 de septiembre de 2022 se adjudica el concurso y el 17 de octubre se firma el contrato de las obras. La fecha inicial de los trabajos es el 18 de noviembre.<\/p>\t\t\t\t\t<\/div>\n\t\t\t\t\t\t<\/div>\n\t\t\t\t<\/div>\n\t\t\t\t\t\t<\/div>\n\t\t\t\t\t<\/div>\n\t\t<\/div>\n\t\t\t\t\t\t\t\t<\/div>\n\t\t\t\t\t<\/div>\n\t\t<\/section>\n\t\t\t\t\t\t<\/div>\n\t\t\t\t\t<\/div>\n\t\t<\/div>\n\t\t\t\t\t\t\t\t<\/div>\n\t\t\t\t\t<\/div>\n\t\t<\/section>\n\t\t\t\t<section class=\"elementor-section elementor-top-section elementor-element elementor-element-aab882e elementor-section-boxed elementor-section-height-default elementor-section-height-default\" data-id=\"aab882e\" data-element_type=\"section\" id=\"mejoras\">\n\t\t\t\t\t\t<div class=\"elementor-container elementor-column-gap-default\">\n\t\t\t\t\t\t\t<div class=\"elementor-row\">\n\t\t\t\t\t<div class=\"elementor-column elementor-col-100 elementor-top-column elementor-element elementor-element-cdbcdaa\" data-id=\"cdbcdaa\" data-element_type=\"column\">\n\t\t\t<div class=\"elementor-column-wrap elementor-element-populated\">\n\t\t\t\t\t\t\t<div class=\"elementor-widget-wrap\">\n\t\t\t\t\t\t<div class=\"elementor-element elementor-element-8d81844 elementor-widget elementor-widget-industrium_heading\" data-id=\"8d81844\" data-element_type=\"widget\" data-widget_type=\"industrium_heading.default\">\n\t\t\t\t<div class=\"elementor-widget-container\">\n\t\t\t<div class=\"industrium-heading-widget\"><h2 class=\"industrium-heading\"><span class=\"industrium-heading-content\">LAS MEJORAS<\/span><\/h2><\/div>\t\t<\/div>\n\t\t\t\t<\/div>\n\t\t\t\t<div class=\"elementor-element elementor-element-46740e6 elementor-widget elementor-widget-text-editor\" data-id=\"46740e6\" data-element_type=\"widget\" data-widget_type=\"text-editor.default\">\n\t\t\t\t<div class=\"elementor-widget-container\">\n\t\t\t\t\t\t\t\t<div class=\"elementor-text-editor elementor-clearfix\">\n\t\t\t\t<p>Cuando finalice su remodelaci\u00f3n , los ciudadanos y visitantes de Palma disfrutar\u00e1n de un espacio mejorado en todos estos \u00e1mbitos:<\/p>\t\t\t\t\t<\/div>\n\t\t\t\t\t\t<\/div>\n\t\t\t\t<\/div>\n\t\t\t\t<div class=\"elementor-element elementor-element-32cd0e0 elementor-widget elementor-widget-text-editor\" data-id=\"32cd0e0\" data-element_type=\"widget\" data-widget_type=\"text-editor.default\">\n\t\t\t\t<div class=\"elementor-widget-container\">\n\t\t\t\t\t\t\t\t<div class=\"elementor-text-editor elementor-clearfix\">\n\t\t\t\t<h3>En movilidad<\/h3>\t\t\t\t\t<\/div>\n\t\t\t\t\t\t<\/div>\n\t\t\t\t<\/div>\n\t\t\t\t<div class=\"elementor-element elementor-element-a6defba elementor-widget elementor-widget-text-editor\" data-id=\"a6defba\" data-element_type=\"widget\" data-widget_type=\"text-editor.default\">\n\t\t\t\t<div class=\"elementor-widget-container\">\n\t\t\t\t\t\t\t\t<div class=\"elementor-text-editor elementor-clearfix\">\n\t\t\t\t<p>Con la actual disposici\u00f3n del paseo, la circulaci\u00f3n y el gran espacio que ocupan los seis carriles para el tr\u00e1nsito rodado crean una barrera entre el puerto y la ciudad que es muy evidente.<\/p><p>Ahora, unos de los principales aspectos que el Nuevo Paseo Mar\u00edtimo har\u00e1 posible es una mayor integraci\u00f3n entre el puerto y los barrios m\u00e1s cercanos.<\/p><p>Se facilitar\u00e1 la movilidad de los peatones, ya que cada 100 metros habr\u00e1 un paso de cebra que d\u00e9 acceso al paseo. Una mejora que tambi\u00e9n ayudar\u00e1 a incrementar la seguridad de una de las zonas con m\u00e1s puntos negros de la ciudad.<\/p>\t\t\t\t\t<\/div>\n\t\t\t\t\t\t<\/div>\n\t\t\t\t<\/div>\n\t\t\t\t<div class=\"elementor-element elementor-element-14a7600 elementor-widget elementor-widget-image-gallery\" data-id=\"14a7600\" data-element_type=\"widget\" data-widget_type=\"image-gallery.default\">\n\t\t\t\t<div class=\"elementor-widget-container\">\n\t\t\t\t\t<div class=\"elementor-image-gallery\">\n\t\t\t<div id='gallery-9' class='gallery galleryid-13028 gallery-columns-3 gallery-size-medium'><figure class='gallery-item'>\n\t\t\t<div class='gallery-icon landscape'>\n\t\t\t\t<a data-elementor-open-lightbox=\"yes\" data-elementor-lightbox-slideshow=\"14a7600\" data-elementor-lightbox-title=\"nou-passeig-maritim-palma-5\" e-action-hash=\"#elementor-action%3Aaction%3Dlightbox%26settings%3DeyJpZCI6MTE4NDQsInVybCI6Imh0dHBzOlwvXC9ub3VwYXNzZWlnbWFyaXRpbWRlcGFsbWEucG9ydHNkZWJhbGVhcnMuY29tXC93cC1jb250ZW50XC91cGxvYWRzXC8yMDIyXC8xMVwvbm91LXBhc3NlaWctbWFyaXRpbS1wYWxtYS01LmpwZyIsInNsaWRlc2hvdyI6IjE0YTc2MDAifQ%3D%3D\" href='https:\/\/noupasseigmaritimdepalma.portsdebalears.com\/wp-content\/uploads\/2022\/11\/nou-passeig-maritim-palma-5.jpg'><img loading=\"lazy\" decoding=\"async\" width=\"300\" height=\"200\" src=\"https:\/\/noupasseigmaritimdepalma.portsdebalears.com\/wp-content\/uploads\/2022\/11\/nou-passeig-maritim-palma-5-300x200.jpg\" class=\"attachment-medium size-medium\" alt=\"\" srcset=\"https:\/\/noupasseigmaritimdepalma.portsdebalears.com\/wp-content\/uploads\/2022\/11\/nou-passeig-maritim-palma-5-300x200.jpg 300w, https:\/\/noupasseigmaritimdepalma.portsdebalears.com\/wp-content\/uploads\/2022\/11\/nou-passeig-maritim-palma-5-1024x683.jpg 1024w, https:\/\/noupasseigmaritimdepalma.portsdebalears.com\/wp-content\/uploads\/2022\/11\/nou-passeig-maritim-palma-5-768x512.jpg 768w, https:\/\/noupasseigmaritimdepalma.portsdebalears.com\/wp-content\/uploads\/2022\/11\/nou-passeig-maritim-palma-5-1536x1025.jpg 1536w, https:\/\/noupasseigmaritimdepalma.portsdebalears.com\/wp-content\/uploads\/2022\/11\/nou-passeig-maritim-palma-5-600x400.jpg 600w, https:\/\/noupasseigmaritimdepalma.portsdebalears.com\/wp-content\/uploads\/2022\/11\/nou-passeig-maritim-palma-5.jpg 1619w\" sizes=\"auto, (max-width: 300px) 100vw, 300px\" \/><\/a>\n\t\t\t<\/div><\/figure><figure class='gallery-item'>\n\t\t\t<div class='gallery-icon landscape'>\n\t\t\t\t<a data-elementor-open-lightbox=\"yes\" data-elementor-lightbox-slideshow=\"14a7600\" data-elementor-lightbox-title=\"projecte-passeig-maritim-26\" e-action-hash=\"#elementor-action%3Aaction%3Dlightbox%26settings%3DeyJpZCI6MTIzNjcsInVybCI6Imh0dHBzOlwvXC9ub3VwYXNzZWlnbWFyaXRpbWRlcGFsbWEucG9ydHNkZWJhbGVhcnMuY29tXC93cC1jb250ZW50XC91cGxvYWRzXC8yMDIyXC8xMVwvcHJvamVjdGUtcGFzc2VpZy1tYXJpdGltLTI2LmpwZyIsInNsaWRlc2hvdyI6IjE0YTc2MDAifQ%3D%3D\" href='https:\/\/noupasseigmaritimdepalma.portsdebalears.com\/wp-content\/uploads\/2022\/11\/projecte-passeig-maritim-26.jpg'><img loading=\"lazy\" decoding=\"async\" width=\"300\" height=\"175\" src=\"https:\/\/noupasseigmaritimdepalma.portsdebalears.com\/wp-content\/uploads\/2022\/11\/projecte-passeig-maritim-26-300x175.jpg\" class=\"attachment-medium size-medium\" alt=\"\" srcset=\"https:\/\/noupasseigmaritimdepalma.portsdebalears.com\/wp-content\/uploads\/2022\/11\/projecte-passeig-maritim-26-300x175.jpg 300w, https:\/\/noupasseigmaritimdepalma.portsdebalears.com\/wp-content\/uploads\/2022\/11\/projecte-passeig-maritim-26-1024x596.jpg 1024w, https:\/\/noupasseigmaritimdepalma.portsdebalears.com\/wp-content\/uploads\/2022\/11\/projecte-passeig-maritim-26-768x447.jpg 768w, https:\/\/noupasseigmaritimdepalma.portsdebalears.com\/wp-content\/uploads\/2022\/11\/projecte-passeig-maritim-26-600x350.jpg 600w, https:\/\/noupasseigmaritimdepalma.portsdebalears.com\/wp-content\/uploads\/2022\/11\/projecte-passeig-maritim-26.jpg 1509w\" sizes=\"auto, (max-width: 300px) 100vw, 300px\" \/><\/a>\n\t\t\t<\/div><\/figure><figure class='gallery-item'>\n\t\t\t<div class='gallery-icon landscape'>\n\t\t\t\t<a data-elementor-open-lightbox=\"yes\" data-elementor-lightbox-slideshow=\"14a7600\" data-elementor-lightbox-title=\"projecte-passeig-maritim-27\" e-action-hash=\"#elementor-action%3Aaction%3Dlightbox%26settings%3DeyJpZCI6MTIzNzAsInVybCI6Imh0dHBzOlwvXC9ub3VwYXNzZWlnbWFyaXRpbWRlcGFsbWEucG9ydHNkZWJhbGVhcnMuY29tXC93cC1jb250ZW50XC91cGxvYWRzXC8yMDIyXC8xMVwvcHJvamVjdGUtcGFzc2VpZy1tYXJpdGltLTI3LmpwZyIsInNsaWRlc2hvdyI6IjE0YTc2MDAifQ%3D%3D\" href='https:\/\/noupasseigmaritimdepalma.portsdebalears.com\/wp-content\/uploads\/2022\/11\/projecte-passeig-maritim-27.jpg'><img loading=\"lazy\" decoding=\"async\" width=\"300\" height=\"162\" src=\"https:\/\/noupasseigmaritimdepalma.portsdebalears.com\/wp-content\/uploads\/2022\/11\/projecte-passeig-maritim-27-300x162.jpg\" class=\"attachment-medium size-medium\" alt=\"\" srcset=\"https:\/\/noupasseigmaritimdepalma.portsdebalears.com\/wp-content\/uploads\/2022\/11\/projecte-passeig-maritim-27-300x162.jpg 300w, https:\/\/noupasseigmaritimdepalma.portsdebalears.com\/wp-content\/uploads\/2022\/11\/projecte-passeig-maritim-27-1024x552.jpg 1024w, https:\/\/noupasseigmaritimdepalma.portsdebalears.com\/wp-content\/uploads\/2022\/11\/projecte-passeig-maritim-27-768x414.jpg 768w, https:\/\/noupasseigmaritimdepalma.portsdebalears.com\/wp-content\/uploads\/2022\/11\/projecte-passeig-maritim-27-1536x828.jpg 1536w, https:\/\/noupasseigmaritimdepalma.portsdebalears.com\/wp-content\/uploads\/2022\/11\/projecte-passeig-maritim-27-600x323.jpg 600w, https:\/\/noupasseigmaritimdepalma.portsdebalears.com\/wp-content\/uploads\/2022\/11\/projecte-passeig-maritim-27.jpg 1575w\" sizes=\"auto, (max-width: 300px) 100vw, 300px\" \/><\/a>\n\t\t\t<\/div><\/figure>\n\t\t<\/div>\n\t\t<\/div>\n\t\t\t\t<\/div>\n\t\t\t\t<\/div>\n\t\t\t\t<div class=\"elementor-element elementor-element-5e797dd elementor-widget elementor-widget-text-editor\" data-id=\"5e797dd\" data-element_type=\"widget\" data-widget_type=\"text-editor.default\">\n\t\t\t\t<div class=\"elementor-widget-container\">\n\t\t\t\t\t\t\t\t<div class=\"elementor-text-editor elementor-clearfix\">\n\t\t\t\t<p>Aumentar\u00e1 el espacio destinado a la circulaci\u00f3n de bicicletas, peatones y zonas verdes (del 50% pasa al 70%). Los espacios destinados a veh\u00edculos de tr\u00e1fico rodado se reducen del 50% al 30%.<\/p>\t\t\t\t\t<\/div>\n\t\t\t\t\t\t<\/div>\n\t\t\t\t<\/div>\n\t\t\t\t<div class=\"elementor-element elementor-element-33c2d94 elementor-widget elementor-widget-text-editor\" data-id=\"33c2d94\" data-element_type=\"widget\" data-widget_type=\"text-editor.default\">\n\t\t\t\t<div class=\"elementor-widget-container\">\n\t\t\t\t\t\t\t\t<div class=\"elementor-text-editor elementor-clearfix\">\n\t\t\t\t<h3>En clima y medio ambiente<\/h3>\t\t\t\t\t<\/div>\n\t\t\t\t\t\t<\/div>\n\t\t\t\t<\/div>\n\t\t\t\t<div class=\"elementor-element elementor-element-abff4e7 elementor-widget elementor-widget-text-editor\" data-id=\"abff4e7\" data-element_type=\"widget\" data-widget_type=\"text-editor.default\">\n\t\t\t\t<div class=\"elementor-widget-container\">\n\t\t\t\t\t\t\t\t<div class=\"elementor-text-editor elementor-clearfix\">\n\t\t\t\t<p>Conscientes de la crisis clim\u00e1tica global que afecta nuestro planeta, es imperativo el cambio hacia un nuevo paseo Mar\u00edtimo que sea parte de un modelo de movilidad sostenible para Palma.<\/p><p>Ganan las personas. Gana nuestro entorno, con una importante reducci\u00f3n de las emisiones de CO<sup>2<\/sup> y la plantaci\u00f3n de 1.820 nuevos \u00e1rboles.<\/p><p>El nuevo dise\u00f1o del paseo incluye la creaci\u00f3n de espacios de sombra en verano y soleados en invierno. De este modo se evita que, especialmente en las \u00e9pocas de calor fuerte, la absorci\u00f3n de radiaci\u00f3n solar continuada se traduzca en temperaturas a\u00fan m\u00e1s altas.<\/p><p>Adem\u00e1s, se implantar\u00e1 un sistema de drenaje sostenible. Permitir\u00e1 filtrar elementos contaminantes y reutilizar el agua de lluvia.<\/p><p>Las luces que se instalen ser\u00e1n LED, controladas con un sistema que garantizar\u00e1 un uso eficiente. Tambi\u00e9n habr\u00e1 diversos puntos de carga para veh\u00edculos el\u00e9ctricos.<\/p>\t\t\t\t\t<\/div>\n\t\t\t\t\t\t<\/div>\n\t\t\t\t<\/div>\n\t\t\t\t<div class=\"elementor-element elementor-element-8786aac elementor-widget elementor-widget-image-gallery\" data-id=\"8786aac\" data-element_type=\"widget\" data-widget_type=\"image-gallery.default\">\n\t\t\t\t<div class=\"elementor-widget-container\">\n\t\t\t\t\t<div class=\"elementor-image-gallery\">\n\t\t\t<div id='gallery-10' class='gallery galleryid-13028 gallery-columns-3 gallery-size-medium'><figure class='gallery-item'>\n\t\t\t<div class='gallery-icon landscape'>\n\t\t\t\t<a data-elementor-open-lightbox=\"yes\" data-elementor-lightbox-slideshow=\"8786aac\" data-elementor-lightbox-title=\"nou-passeig-maritim-palma-7\" e-action-hash=\"#elementor-action%3Aaction%3Dlightbox%26settings%3DeyJpZCI6MTE4NTAsInVybCI6Imh0dHBzOlwvXC9ub3VwYXNzZWlnbWFyaXRpbWRlcGFsbWEucG9ydHNkZWJhbGVhcnMuY29tXC93cC1jb250ZW50XC91cGxvYWRzXC8yMDIyXC8xMVwvbm91LXBhc3NlaWctbWFyaXRpbS1wYWxtYS03LmpwZyIsInNsaWRlc2hvdyI6Ijg3ODZhYWMifQ%3D%3D\" href='https:\/\/noupasseigmaritimdepalma.portsdebalears.com\/wp-content\/uploads\/2022\/11\/nou-passeig-maritim-palma-7.jpg'><img loading=\"lazy\" decoding=\"async\" width=\"300\" height=\"200\" src=\"https:\/\/noupasseigmaritimdepalma.portsdebalears.com\/wp-content\/uploads\/2022\/11\/nou-passeig-maritim-palma-7-300x200.jpg\" class=\"attachment-medium size-medium\" alt=\"\" srcset=\"https:\/\/noupasseigmaritimdepalma.portsdebalears.com\/wp-content\/uploads\/2022\/11\/nou-passeig-maritim-palma-7-300x200.jpg 300w, https:\/\/noupasseigmaritimdepalma.portsdebalears.com\/wp-content\/uploads\/2022\/11\/nou-passeig-maritim-palma-7-1024x683.jpg 1024w, https:\/\/noupasseigmaritimdepalma.portsdebalears.com\/wp-content\/uploads\/2022\/11\/nou-passeig-maritim-palma-7-768x512.jpg 768w, https:\/\/noupasseigmaritimdepalma.portsdebalears.com\/wp-content\/uploads\/2022\/11\/nou-passeig-maritim-palma-7-1536x1025.jpg 1536w, https:\/\/noupasseigmaritimdepalma.portsdebalears.com\/wp-content\/uploads\/2022\/11\/nou-passeig-maritim-palma-7-600x400.jpg 600w, https:\/\/noupasseigmaritimdepalma.portsdebalears.com\/wp-content\/uploads\/2022\/11\/nou-passeig-maritim-palma-7.jpg 1619w\" sizes=\"auto, (max-width: 300px) 100vw, 300px\" \/><\/a>\n\t\t\t<\/div><\/figure><figure class='gallery-item'>\n\t\t\t<div class='gallery-icon landscape'>\n\t\t\t\t<a data-elementor-open-lightbox=\"yes\" data-elementor-lightbox-slideshow=\"8786aac\" data-elementor-lightbox-title=\"nou-passeig-maritim-palma-6\" e-action-hash=\"#elementor-action%3Aaction%3Dlightbox%26settings%3DeyJpZCI6MTE4NDcsInVybCI6Imh0dHBzOlwvXC9ub3VwYXNzZWlnbWFyaXRpbWRlcGFsbWEucG9ydHNkZWJhbGVhcnMuY29tXC93cC1jb250ZW50XC91cGxvYWRzXC8yMDIyXC8xMVwvbm91LXBhc3NlaWctbWFyaXRpbS1wYWxtYS02LmpwZyIsInNsaWRlc2hvdyI6Ijg3ODZhYWMifQ%3D%3D\" href='https:\/\/noupasseigmaritimdepalma.portsdebalears.com\/wp-content\/uploads\/2022\/11\/nou-passeig-maritim-palma-6.jpg'><img loading=\"lazy\" decoding=\"async\" width=\"300\" height=\"200\" src=\"https:\/\/noupasseigmaritimdepalma.portsdebalears.com\/wp-content\/uploads\/2022\/11\/nou-passeig-maritim-palma-6-300x200.jpg\" class=\"attachment-medium size-medium\" alt=\"\" srcset=\"https:\/\/noupasseigmaritimdepalma.portsdebalears.com\/wp-content\/uploads\/2022\/11\/nou-passeig-maritim-palma-6-300x200.jpg 300w, https:\/\/noupasseigmaritimdepalma.portsdebalears.com\/wp-content\/uploads\/2022\/11\/nou-passeig-maritim-palma-6-1024x683.jpg 1024w, https:\/\/noupasseigmaritimdepalma.portsdebalears.com\/wp-content\/uploads\/2022\/11\/nou-passeig-maritim-palma-6-768x512.jpg 768w, https:\/\/noupasseigmaritimdepalma.portsdebalears.com\/wp-content\/uploads\/2022\/11\/nou-passeig-maritim-palma-6-1536x1025.jpg 1536w, https:\/\/noupasseigmaritimdepalma.portsdebalears.com\/wp-content\/uploads\/2022\/11\/nou-passeig-maritim-palma-6-600x400.jpg 600w, https:\/\/noupasseigmaritimdepalma.portsdebalears.com\/wp-content\/uploads\/2022\/11\/nou-passeig-maritim-palma-6.jpg 1619w\" sizes=\"auto, (max-width: 300px) 100vw, 300px\" \/><\/a>\n\t\t\t<\/div><\/figure><figure class='gallery-item'>\n\t\t\t<div class='gallery-icon landscape'>\n\t\t\t\t<a data-elementor-open-lightbox=\"yes\" data-elementor-lightbox-slideshow=\"8786aac\" data-elementor-lightbox-title=\"nou-passeig-maritim-palma-4\" e-action-hash=\"#elementor-action%3Aaction%3Dlightbox%26settings%3DeyJpZCI6MTE4NDEsInVybCI6Imh0dHBzOlwvXC9ub3VwYXNzZWlnbWFyaXRpbWRlcGFsbWEucG9ydHNkZWJhbGVhcnMuY29tXC93cC1jb250ZW50XC91cGxvYWRzXC8yMDIyXC8xMVwvbm91LXBhc3NlaWctbWFyaXRpbS1wYWxtYS00LmpwZyIsInNsaWRlc2hvdyI6Ijg3ODZhYWMifQ%3D%3D\" href='https:\/\/noupasseigmaritimdepalma.portsdebalears.com\/wp-content\/uploads\/2022\/11\/nou-passeig-maritim-palma-4.jpg'><img loading=\"lazy\" decoding=\"async\" width=\"300\" height=\"200\" src=\"https:\/\/noupasseigmaritimdepalma.portsdebalears.com\/wp-content\/uploads\/2022\/11\/nou-passeig-maritim-palma-4-300x200.jpg\" class=\"attachment-medium size-medium\" alt=\"\" srcset=\"https:\/\/noupasseigmaritimdepalma.portsdebalears.com\/wp-content\/uploads\/2022\/11\/nou-passeig-maritim-palma-4-300x200.jpg 300w, https:\/\/noupasseigmaritimdepalma.portsdebalears.com\/wp-content\/uploads\/2022\/11\/nou-passeig-maritim-palma-4-1024x683.jpg 1024w, https:\/\/noupasseigmaritimdepalma.portsdebalears.com\/wp-content\/uploads\/2022\/11\/nou-passeig-maritim-palma-4-768x512.jpg 768w, https:\/\/noupasseigmaritimdepalma.portsdebalears.com\/wp-content\/uploads\/2022\/11\/nou-passeig-maritim-palma-4-1536x1025.jpg 1536w, https:\/\/noupasseigmaritimdepalma.portsdebalears.com\/wp-content\/uploads\/2022\/11\/nou-passeig-maritim-palma-4-600x400.jpg 600w, https:\/\/noupasseigmaritimdepalma.portsdebalears.com\/wp-content\/uploads\/2022\/11\/nou-passeig-maritim-palma-4.jpg 1619w\" sizes=\"auto, (max-width: 300px) 100vw, 300px\" \/><\/a>\n\t\t\t<\/div><\/figure>\n\t\t<\/div>\n\t\t<\/div>\n\t\t\t\t<\/div>\n\t\t\t\t<\/div>\n\t\t\t\t<div class=\"elementor-element elementor-element-5bba338 elementor-widget elementor-widget-text-editor\" data-id=\"5bba338\" data-element_type=\"widget\" data-widget_type=\"text-editor.default\">\n\t\t\t\t<div class=\"elementor-widget-container\">\n\t\t\t\t\t\t\t\t<div class=\"elementor-text-editor elementor-clearfix\">\n\t\t\t\t<h3>En vegetaci\u00f3n<\/h3>\t\t\t\t\t<\/div>\n\t\t\t\t\t\t<\/div>\n\t\t\t\t<\/div>\n\t\t\t\t<div class=\"elementor-element elementor-element-b152be8 elementor-widget elementor-widget-text-editor\" data-id=\"b152be8\" data-element_type=\"widget\" data-widget_type=\"text-editor.default\">\n\t\t\t\t<div class=\"elementor-widget-container\">\n\t\t\t\t\t\t\t\t<div class=\"elementor-text-editor elementor-clearfix\">\n\t\t\t\t<p>Se plantar\u00e1n m\u00e1s de 1.800 \u00e1rboles de 21 especies diferentes, adem\u00e1s de 512 palmeras y diversa vegetaci\u00f3n. Se mantendr\u00e1 o trasplantar\u00e1 el mayor n\u00famero posible de los ejemplares ya presentes. Se introducir\u00e1n 12 nuevas especies de \u00e1rboles y se crear\u00e1n 37 mil metros cuadrados de parterres con diferentes arbustos y plantas.<\/p>\t\t\t\t\t<\/div>\n\t\t\t\t\t\t<\/div>\n\t\t\t\t<\/div>\n\t\t\t\t<div class=\"elementor-element elementor-element-6bb32b0 elementor-widget elementor-widget-text-editor\" data-id=\"6bb32b0\" data-element_type=\"widget\" data-widget_type=\"text-editor.default\">\n\t\t\t\t<div class=\"elementor-widget-container\">\n\t\t\t\t\t\t\t\t<div class=\"elementor-text-editor elementor-clearfix\">\n\t\t\t\t<h3>En urbanizaci\u00f3n<\/h3>\t\t\t\t\t<\/div>\n\t\t\t\t\t\t<\/div>\n\t\t\t\t<\/div>\n\t\t\t\t<div class=\"elementor-element elementor-element-4719cf3 elementor-widget elementor-widget-text-editor\" data-id=\"4719cf3\" data-element_type=\"widget\" data-widget_type=\"text-editor.default\">\n\t\t\t\t<div class=\"elementor-widget-container\">\n\t\t\t\t\t\t\t\t<div class=\"elementor-text-editor elementor-clearfix\">\n\t\t\t\t<p>Siempre que sea posible, cada paso de cebra tendr\u00e1 480 cent\u00edmetros de ancho. Habr\u00e1 espacios para juegos infantiles distribuidos a lo largo del paseo.<\/p><p>Se instalar\u00e1n nuevos bancos, marquesinas, puntos de luz\u2026<\/p>\t\t\t\t\t<\/div>\n\t\t\t\t\t\t<\/div>\n\t\t\t\t<\/div>\n\t\t\t\t<div class=\"elementor-element elementor-element-199af06 elementor-widget elementor-widget-text-editor\" data-id=\"199af06\" data-element_type=\"widget\" data-widget_type=\"text-editor.default\">\n\t\t\t\t<div class=\"elementor-widget-container\">\n\t\t\t\t\t\t\t\t<div class=\"elementor-text-editor elementor-clearfix\">\n\t\t\t\t<h3>En servicios urbanos<\/h3>\t\t\t\t\t<\/div>\n\t\t\t\t\t\t<\/div>\n\t\t\t\t<\/div>\n\t\t\t\t<div class=\"elementor-element elementor-element-7fb1be4 elementor-widget elementor-widget-text-editor\" data-id=\"7fb1be4\" data-element_type=\"widget\" data-widget_type=\"text-editor.default\">\n\t\t\t\t<div class=\"elementor-widget-container\">\n\t\t\t\t\t\t\t\t<div class=\"elementor-text-editor elementor-clearfix\">\n\t\t\t\t<p>El proyecto incluye actuaciones en las redes de agua potable regenerada y las aguas residuales. Tambi\u00e9n en la red el\u00e9ctrica de tensi\u00f3n media, de gas, de telefon\u00eda y de fibra \u00f3ptica.<\/p><p>En relaci\u00f3n al drenaje, las mejoras se focalizar\u00e1n en los puntos donde, seg\u00fan un informe de la Conselleria de Medio Ambiente, se ha detectado especial vulnerabilidad por inundaci\u00f3n.<\/p><p>Son las zonas del Club de Mar, la curva de Paraires y la que hay frente al centro Comercial Portop\u00ed<\/p>\t\t\t\t\t<\/div>\n\t\t\t\t\t\t<\/div>\n\t\t\t\t<\/div>\n\t\t\t\t\t\t<\/div>\n\t\t\t\t\t<\/div>\n\t\t<\/div>\n\t\t\t\t\t\t\t\t<\/div>\n\t\t\t\t\t<\/div>\n\t\t<\/section>\n\t\t\t\t<section class=\"elementor-section elementor-top-section elementor-element elementor-element-6339b83 elementor-section-boxed elementor-section-height-default elementor-section-height-default\" data-id=\"6339b83\" data-element_type=\"section\" id=\"planos\">\n\t\t\t\t\t\t<div class=\"elementor-container elementor-column-gap-default\">\n\t\t\t\t\t\t\t<div class=\"elementor-row\">\n\t\t\t\t\t<div class=\"elementor-column elementor-col-100 elementor-top-column elementor-element elementor-element-c7d8159\" data-id=\"c7d8159\" data-element_type=\"column\">\n\t\t\t<div class=\"elementor-column-wrap elementor-element-populated\">\n\t\t\t\t\t\t\t<div class=\"elementor-widget-wrap\">\n\t\t\t\t\t\t<div class=\"elementor-element elementor-element-d12698e elementor-widget elementor-widget-industrium_heading\" data-id=\"d12698e\" data-element_type=\"widget\" data-widget_type=\"industrium_heading.default\">\n\t\t\t\t<div class=\"elementor-widget-container\">\n\t\t\t<div class=\"industrium-heading-widget\"><h2 class=\"industrium-heading\"><span class=\"industrium-heading-content\">PLANOS FINALES<\/span><\/h2><\/div>\t\t<\/div>\n\t\t\t\t<\/div>\n\t\t\t\t<div class=\"elementor-element elementor-element-986d408 elementor-arrows-position-inside elementor-widget elementor-widget-image-carousel\" data-id=\"986d408\" data-element_type=\"widget\" data-settings=\"{&quot;slides_to_show&quot;:&quot;2&quot;,&quot;slides_to_scroll&quot;:&quot;2&quot;,&quot;navigation&quot;:&quot;both&quot;,&quot;autoplay&quot;:&quot;yes&quot;,&quot;pause_on_hover&quot;:&quot;yes&quot;,&quot;pause_on_interaction&quot;:&quot;yes&quot;,&quot;autoplay_speed&quot;:5000,&quot;infinite&quot;:&quot;yes&quot;,&quot;speed&quot;:500}\" data-widget_type=\"image-carousel.default\">\n\t\t\t\t<div class=\"elementor-widget-container\">\n\t\t\t\t\t<div class=\"elementor-image-carousel-wrapper swiper-container\" dir=\"ltr\">\n\t\t\t<div class=\"elementor-image-carousel swiper-wrapper\">\n\t\t\t\t\t\t\t\t<div class=\"swiper-slide\"><a data-elementor-open-lightbox=\"yes\" data-elementor-lightbox-slideshow=\"986d408\" data-elementor-lightbox-description=\"04c1 1de2\" e-action-hash=\"#elementor-action%3Aaction%3Dlightbox%26settings%3DeyJpZCI6MTQ2MTQsInVybCI6Imh0dHBzOlwvXC9ub3VwYXNzZWlnbWFyaXRpbWRlcGFsbWEucG9ydHNkZWJhbGVhcnMuY29tXC93cC1jb250ZW50XC91cGxvYWRzXC8yMDIzXC8wMlwvMDRjMV8xZGUyLmpwZyIsInNsaWRlc2hvdyI6Ijk4NmQ0MDgifQ%3D%3D\" href=\"https:\/\/noupasseigmaritimdepalma.portsdebalears.com\/wp-content\/uploads\/2023\/02\/04c1_1de2.jpg\"><figure class=\"swiper-slide-inner\"><img decoding=\"async\" class=\"swiper-slide-image\" src=\"https:\/\/noupasseigmaritimdepalma.portsdebalears.com\/wp-content\/uploads\/2023\/02\/04c1_1de2-768x543.jpg\" alt=\"\" \/><\/figure><\/a><\/div><div class=\"swiper-slide\"><a data-elementor-open-lightbox=\"yes\" data-elementor-lightbox-slideshow=\"986d408\" data-elementor-lightbox-description=\"04c1 2de2\" e-action-hash=\"#elementor-action%3Aaction%3Dlightbox%26settings%3DeyJpZCI6MTQ2MTcsInVybCI6Imh0dHBzOlwvXC9ub3VwYXNzZWlnbWFyaXRpbWRlcGFsbWEucG9ydHNkZWJhbGVhcnMuY29tXC93cC1jb250ZW50XC91cGxvYWRzXC8yMDIzXC8wMlwvMDRjMV8yZGUyLmpwZyIsInNsaWRlc2hvdyI6Ijk4NmQ0MDgifQ%3D%3D\" href=\"https:\/\/noupasseigmaritimdepalma.portsdebalears.com\/wp-content\/uploads\/2023\/02\/04c1_2de2.jpg\"><figure class=\"swiper-slide-inner\"><img decoding=\"async\" class=\"swiper-slide-image\" src=\"https:\/\/noupasseigmaritimdepalma.portsdebalears.com\/wp-content\/uploads\/2023\/02\/04c1_2de2-768x543.jpg\" alt=\"\" \/><\/figure><\/a><\/div>\t\t\t<\/div>\n\t\t\t\t\t\t\t\t\t\t\t\t<div class=\"swiper-pagination\"><\/div>\n\t\t\t\t\t\t\t\t\t\t\t\t\t<div class=\"elementor-swiper-button elementor-swiper-button-prev\">\n\t\t\t\t\t\t<i aria-hidden=\"true\" class=\"eicon-chevron-left\"><\/i>\t\t\t\t\t\t<span class=\"elementor-screen-only\">Anterior<\/span>\n\t\t\t\t\t<\/div>\n\t\t\t\t\t<div class=\"elementor-swiper-button elementor-swiper-button-next\">\n\t\t\t\t\t\t<i aria-hidden=\"true\" class=\"eicon-chevron-right\"><\/i>\t\t\t\t\t\t<span class=\"elementor-screen-only\">Siguiente<\/span>\n\t\t\t\t\t<\/div>\n\t\t\t\t\t\t\t\t\t<\/div>\n\t\t\t\t<\/div>\n\t\t\t\t<\/div>\n\t\t\t\t<div class=\"elementor-element elementor-element-66b7468 elementor-widget elementor-widget-spacer\" data-id=\"66b7468\" data-element_type=\"widget\" data-widget_type=\"spacer.default\">\n\t\t\t\t<div class=\"elementor-widget-container\">\n\t\t\t\t\t<div class=\"elementor-spacer\">\n\t\t\t<div class=\"elementor-spacer-inner\"><\/div>\n\t\t<\/div>\n\t\t\t\t<\/div>\n\t\t\t\t<\/div>\n\t\t\t\t<div class=\"elementor-element elementor-element-832393e elementor-arrows-position-inside elementor-widget elementor-widget-image-carousel\" data-id=\"832393e\" data-element_type=\"widget\" data-settings=\"{&quot;slides_to_show&quot;:&quot;5&quot;,&quot;slides_to_scroll&quot;:&quot;5&quot;,&quot;navigation&quot;:&quot;both&quot;,&quot;autoplay&quot;:&quot;yes&quot;,&quot;pause_on_hover&quot;:&quot;yes&quot;,&quot;pause_on_interaction&quot;:&quot;yes&quot;,&quot;autoplay_speed&quot;:5000,&quot;infinite&quot;:&quot;yes&quot;,&quot;speed&quot;:500}\" data-widget_type=\"image-carousel.default\">\n\t\t\t\t<div class=\"elementor-widget-container\">\n\t\t\t\t\t<div class=\"elementor-image-carousel-wrapper swiper-container\" dir=\"ltr\">\n\t\t\t<div class=\"elementor-image-carousel swiper-wrapper\">\n\t\t\t\t\t\t\t\t<div class=\"swiper-slide\"><a data-elementor-open-lightbox=\"yes\" data-elementor-lightbox-slideshow=\"832393e\" data-elementor-lightbox-title=\"04c2 1de24\" data-elementor-lightbox-description=\"04c2 1de24\" e-action-hash=\"#elementor-action%3Aaction%3Dlightbox%26settings%3DeyJpZCI6MTQ2MjAsInVybCI6Imh0dHBzOlwvXC9ub3VwYXNzZWlnbWFyaXRpbWRlcGFsbWEucG9ydHNkZWJhbGVhcnMuY29tXC93cC1jb250ZW50XC91cGxvYWRzXC8yMDIzXC8wMlwvMDRjMl8xZGUyNC5qcGciLCJzbGlkZXNob3ciOiI4MzIzOTNlIn0%3D\" href=\"https:\/\/noupasseigmaritimdepalma.portsdebalears.com\/wp-content\/uploads\/2023\/02\/04c2_1de24.jpg\"><figure class=\"swiper-slide-inner\"><img decoding=\"async\" class=\"swiper-slide-image\" src=\"https:\/\/noupasseigmaritimdepalma.portsdebalears.com\/wp-content\/uploads\/2023\/02\/04c2_1de24-768x543.jpg\" alt=\"04c2 1de24\" \/><\/figure><\/a><\/div><div class=\"swiper-slide\"><a data-elementor-open-lightbox=\"yes\" data-elementor-lightbox-slideshow=\"832393e\" data-elementor-lightbox-title=\"04c2 2de24\" data-elementor-lightbox-description=\"04c2 2de24\" e-action-hash=\"#elementor-action%3Aaction%3Dlightbox%26settings%3DeyJpZCI6MTQ2MjMsInVybCI6Imh0dHBzOlwvXC9ub3VwYXNzZWlnbWFyaXRpbWRlcGFsbWEucG9ydHNkZWJhbGVhcnMuY29tXC93cC1jb250ZW50XC91cGxvYWRzXC8yMDIzXC8wMlwvMDRjMl8yZGUyNC5qcGciLCJzbGlkZXNob3ciOiI4MzIzOTNlIn0%3D\" href=\"https:\/\/noupasseigmaritimdepalma.portsdebalears.com\/wp-content\/uploads\/2023\/02\/04c2_2de24.jpg\"><figure class=\"swiper-slide-inner\"><img decoding=\"async\" class=\"swiper-slide-image\" src=\"https:\/\/noupasseigmaritimdepalma.portsdebalears.com\/wp-content\/uploads\/2023\/02\/04c2_2de24-768x543.jpg\" alt=\"04c2 2de24\" \/><\/figure><\/a><\/div><div class=\"swiper-slide\"><a data-elementor-open-lightbox=\"yes\" data-elementor-lightbox-slideshow=\"832393e\" data-elementor-lightbox-title=\"04c2 3de24\" data-elementor-lightbox-description=\"04c2 3de24\" e-action-hash=\"#elementor-action%3Aaction%3Dlightbox%26settings%3DeyJpZCI6MTQ2MjYsInVybCI6Imh0dHBzOlwvXC9ub3VwYXNzZWlnbWFyaXRpbWRlcGFsbWEucG9ydHNkZWJhbGVhcnMuY29tXC93cC1jb250ZW50XC91cGxvYWRzXC8yMDIzXC8wMlwvMDRjMl8zZGUyNC5qcGciLCJzbGlkZXNob3ciOiI4MzIzOTNlIn0%3D\" href=\"https:\/\/noupasseigmaritimdepalma.portsdebalears.com\/wp-content\/uploads\/2023\/02\/04c2_3de24.jpg\"><figure class=\"swiper-slide-inner\"><img decoding=\"async\" class=\"swiper-slide-image\" src=\"https:\/\/noupasseigmaritimdepalma.portsdebalears.com\/wp-content\/uploads\/2023\/02\/04c2_3de24-768x543.jpg\" alt=\"04c2 3de24\" \/><\/figure><\/a><\/div><div class=\"swiper-slide\"><a data-elementor-open-lightbox=\"yes\" data-elementor-lightbox-slideshow=\"832393e\" data-elementor-lightbox-title=\"04c2 4de24\" data-elementor-lightbox-description=\"04c2 4de24\" e-action-hash=\"#elementor-action%3Aaction%3Dlightbox%26settings%3DeyJpZCI6MTQ2MjksInVybCI6Imh0dHBzOlwvXC9ub3VwYXNzZWlnbWFyaXRpbWRlcGFsbWEucG9ydHNkZWJhbGVhcnMuY29tXC93cC1jb250ZW50XC91cGxvYWRzXC8yMDIzXC8wMlwvMDRjMl80ZGUyNC5qcGciLCJzbGlkZXNob3ciOiI4MzIzOTNlIn0%3D\" href=\"https:\/\/noupasseigmaritimdepalma.portsdebalears.com\/wp-content\/uploads\/2023\/02\/04c2_4de24.jpg\"><figure class=\"swiper-slide-inner\"><img decoding=\"async\" class=\"swiper-slide-image\" src=\"https:\/\/noupasseigmaritimdepalma.portsdebalears.com\/wp-content\/uploads\/2023\/02\/04c2_4de24-768x543.jpg\" alt=\"04c2 4de24\" \/><\/figure><\/a><\/div><div class=\"swiper-slide\"><a data-elementor-open-lightbox=\"yes\" data-elementor-lightbox-slideshow=\"832393e\" data-elementor-lightbox-title=\"04c2 5de24\" data-elementor-lightbox-description=\"04c2 5de24\" e-action-hash=\"#elementor-action%3Aaction%3Dlightbox%26settings%3DeyJpZCI6MTQ2MzIsInVybCI6Imh0dHBzOlwvXC9ub3VwYXNzZWlnbWFyaXRpbWRlcGFsbWEucG9ydHNkZWJhbGVhcnMuY29tXC93cC1jb250ZW50XC91cGxvYWRzXC8yMDIzXC8wMlwvMDRjMl81ZGUyNC5qcGciLCJzbGlkZXNob3ciOiI4MzIzOTNlIn0%3D\" href=\"https:\/\/noupasseigmaritimdepalma.portsdebalears.com\/wp-content\/uploads\/2023\/02\/04c2_5de24.jpg\"><figure class=\"swiper-slide-inner\"><img decoding=\"async\" class=\"swiper-slide-image\" src=\"https:\/\/noupasseigmaritimdepalma.portsdebalears.com\/wp-content\/uploads\/2023\/02\/04c2_5de24-768x543.jpg\" alt=\"04c2 5de24\" \/><\/figure><\/a><\/div><div class=\"swiper-slide\"><a data-elementor-open-lightbox=\"yes\" data-elementor-lightbox-slideshow=\"832393e\" data-elementor-lightbox-title=\"04c2 6de24\" data-elementor-lightbox-description=\"04c2 6de24\" e-action-hash=\"#elementor-action%3Aaction%3Dlightbox%26settings%3DeyJpZCI6MTQ2MzUsInVybCI6Imh0dHBzOlwvXC9ub3VwYXNzZWlnbWFyaXRpbWRlcGFsbWEucG9ydHNkZWJhbGVhcnMuY29tXC93cC1jb250ZW50XC91cGxvYWRzXC8yMDIzXC8wMlwvMDRjMl82ZGUyNC5qcGciLCJzbGlkZXNob3ciOiI4MzIzOTNlIn0%3D\" href=\"https:\/\/noupasseigmaritimdepalma.portsdebalears.com\/wp-content\/uploads\/2023\/02\/04c2_6de24.jpg\"><figure class=\"swiper-slide-inner\"><img decoding=\"async\" class=\"swiper-slide-image\" src=\"https:\/\/noupasseigmaritimdepalma.portsdebalears.com\/wp-content\/uploads\/2023\/02\/04c2_6de24-768x543.jpg\" alt=\"04c2 6de24\" \/><\/figure><\/a><\/div><div class=\"swiper-slide\"><a data-elementor-open-lightbox=\"yes\" data-elementor-lightbox-slideshow=\"832393e\" data-elementor-lightbox-title=\"04c2 7de24\" data-elementor-lightbox-description=\"04c2 7de24\" e-action-hash=\"#elementor-action%3Aaction%3Dlightbox%26settings%3DeyJpZCI6MTQ2MzgsInVybCI6Imh0dHBzOlwvXC9ub3VwYXNzZWlnbWFyaXRpbWRlcGFsbWEucG9ydHNkZWJhbGVhcnMuY29tXC93cC1jb250ZW50XC91cGxvYWRzXC8yMDIzXC8wMlwvMDRjMl83ZGUyNC5qcGciLCJzbGlkZXNob3ciOiI4MzIzOTNlIn0%3D\" href=\"https:\/\/noupasseigmaritimdepalma.portsdebalears.com\/wp-content\/uploads\/2023\/02\/04c2_7de24.jpg\"><figure class=\"swiper-slide-inner\"><img decoding=\"async\" class=\"swiper-slide-image\" src=\"https:\/\/noupasseigmaritimdepalma.portsdebalears.com\/wp-content\/uploads\/2023\/02\/04c2_7de24-768x543.jpg\" alt=\"04c2 7de24\" \/><\/figure><\/a><\/div><div class=\"swiper-slide\"><a data-elementor-open-lightbox=\"yes\" data-elementor-lightbox-slideshow=\"832393e\" data-elementor-lightbox-title=\"04c2 8de24\" data-elementor-lightbox-description=\"04c2 8de24\" e-action-hash=\"#elementor-action%3Aaction%3Dlightbox%26settings%3DeyJpZCI6MTQ2NDEsInVybCI6Imh0dHBzOlwvXC9ub3VwYXNzZWlnbWFyaXRpbWRlcGFsbWEucG9ydHNkZWJhbGVhcnMuY29tXC93cC1jb250ZW50XC91cGxvYWRzXC8yMDIzXC8wMlwvMDRjMl84ZGUyNC5qcGciLCJzbGlkZXNob3ciOiI4MzIzOTNlIn0%3D\" href=\"https:\/\/noupasseigmaritimdepalma.portsdebalears.com\/wp-content\/uploads\/2023\/02\/04c2_8de24.jpg\"><figure class=\"swiper-slide-inner\"><img decoding=\"async\" class=\"swiper-slide-image\" src=\"https:\/\/noupasseigmaritimdepalma.portsdebalears.com\/wp-content\/uploads\/2023\/02\/04c2_8de24-768x543.jpg\" alt=\"04c2 8de24\" \/><\/figure><\/a><\/div><div class=\"swiper-slide\"><a data-elementor-open-lightbox=\"yes\" data-elementor-lightbox-slideshow=\"832393e\" data-elementor-lightbox-title=\"04c2 9de24\" data-elementor-lightbox-description=\"04c2 9de24\" e-action-hash=\"#elementor-action%3Aaction%3Dlightbox%26settings%3DeyJpZCI6MTQ2NDQsInVybCI6Imh0dHBzOlwvXC9ub3VwYXNzZWlnbWFyaXRpbWRlcGFsbWEucG9ydHNkZWJhbGVhcnMuY29tXC93cC1jb250ZW50XC91cGxvYWRzXC8yMDIzXC8wMlwvMDRjMl85ZGUyNC5qcGciLCJzbGlkZXNob3ciOiI4MzIzOTNlIn0%3D\" href=\"https:\/\/noupasseigmaritimdepalma.portsdebalears.com\/wp-content\/uploads\/2023\/02\/04c2_9de24.jpg\"><figure class=\"swiper-slide-inner\"><img decoding=\"async\" class=\"swiper-slide-image\" src=\"https:\/\/noupasseigmaritimdepalma.portsdebalears.com\/wp-content\/uploads\/2023\/02\/04c2_9de24-768x543.jpg\" alt=\"04c2 9de24\" \/><\/figure><\/a><\/div><div class=\"swiper-slide\"><a data-elementor-open-lightbox=\"yes\" data-elementor-lightbox-slideshow=\"832393e\" data-elementor-lightbox-title=\"04c2 10de24\" data-elementor-lightbox-description=\"04c2 10de24\" e-action-hash=\"#elementor-action%3Aaction%3Dlightbox%26settings%3DeyJpZCI6MTQ2NDcsInVybCI6Imh0dHBzOlwvXC9ub3VwYXNzZWlnbWFyaXRpbWRlcGFsbWEucG9ydHNkZWJhbGVhcnMuY29tXC93cC1jb250ZW50XC91cGxvYWRzXC8yMDIzXC8wMlwvMDRjMl8xMGRlMjQuanBnIiwic2xpZGVzaG93IjoiODMyMzkzZSJ9\" href=\"https:\/\/noupasseigmaritimdepalma.portsdebalears.com\/wp-content\/uploads\/2023\/02\/04c2_10de24.jpg\"><figure class=\"swiper-slide-inner\"><img decoding=\"async\" class=\"swiper-slide-image\" src=\"https:\/\/noupasseigmaritimdepalma.portsdebalears.com\/wp-content\/uploads\/2023\/02\/04c2_10de24-768x543.jpg\" alt=\"04c2 10de24\" \/><\/figure><\/a><\/div><div class=\"swiper-slide\"><a data-elementor-open-lightbox=\"yes\" data-elementor-lightbox-slideshow=\"832393e\" data-elementor-lightbox-title=\"04c2 11de24\" data-elementor-lightbox-description=\"04c2 11de24\" e-action-hash=\"#elementor-action%3Aaction%3Dlightbox%26settings%3DeyJpZCI6MTQ2NTAsInVybCI6Imh0dHBzOlwvXC9ub3VwYXNzZWlnbWFyaXRpbWRlcGFsbWEucG9ydHNkZWJhbGVhcnMuY29tXC93cC1jb250ZW50XC91cGxvYWRzXC8yMDIzXC8wMlwvMDRjMl8xMWRlMjQuanBnIiwic2xpZGVzaG93IjoiODMyMzkzZSJ9\" href=\"https:\/\/noupasseigmaritimdepalma.portsdebalears.com\/wp-content\/uploads\/2023\/02\/04c2_11de24.jpg\"><figure class=\"swiper-slide-inner\"><img decoding=\"async\" class=\"swiper-slide-image\" src=\"https:\/\/noupasseigmaritimdepalma.portsdebalears.com\/wp-content\/uploads\/2023\/02\/04c2_11de24-768x543.jpg\" alt=\"04c2 11de24\" \/><\/figure><\/a><\/div><div class=\"swiper-slide\"><a data-elementor-open-lightbox=\"yes\" data-elementor-lightbox-slideshow=\"832393e\" data-elementor-lightbox-title=\"04c2 12de24\" data-elementor-lightbox-description=\"04c2 12de24\" e-action-hash=\"#elementor-action%3Aaction%3Dlightbox%26settings%3DeyJpZCI6MTQ2NTMsInVybCI6Imh0dHBzOlwvXC9ub3VwYXNzZWlnbWFyaXRpbWRlcGFsbWEucG9ydHNkZWJhbGVhcnMuY29tXC93cC1jb250ZW50XC91cGxvYWRzXC8yMDIzXC8wMlwvMDRjMl8xMmRlMjQuanBnIiwic2xpZGVzaG93IjoiODMyMzkzZSJ9\" href=\"https:\/\/noupasseigmaritimdepalma.portsdebalears.com\/wp-content\/uploads\/2023\/02\/04c2_12de24.jpg\"><figure class=\"swiper-slide-inner\"><img decoding=\"async\" class=\"swiper-slide-image\" src=\"https:\/\/noupasseigmaritimdepalma.portsdebalears.com\/wp-content\/uploads\/2023\/02\/04c2_12de24-768x543.jpg\" alt=\"04c2 12de24\" \/><\/figure><\/a><\/div><div class=\"swiper-slide\"><a data-elementor-open-lightbox=\"yes\" data-elementor-lightbox-slideshow=\"832393e\" data-elementor-lightbox-title=\"04c2 13de24\" data-elementor-lightbox-description=\"04c2 13de24\" e-action-hash=\"#elementor-action%3Aaction%3Dlightbox%26settings%3DeyJpZCI6MTQ2NTYsInVybCI6Imh0dHBzOlwvXC9ub3VwYXNzZWlnbWFyaXRpbWRlcGFsbWEucG9ydHNkZWJhbGVhcnMuY29tXC93cC1jb250ZW50XC91cGxvYWRzXC8yMDIzXC8wMlwvMDRjMl8xM2RlMjQuanBnIiwic2xpZGVzaG93IjoiODMyMzkzZSJ9\" href=\"https:\/\/noupasseigmaritimdepalma.portsdebalears.com\/wp-content\/uploads\/2023\/02\/04c2_13de24.jpg\"><figure class=\"swiper-slide-inner\"><img decoding=\"async\" class=\"swiper-slide-image\" src=\"https:\/\/noupasseigmaritimdepalma.portsdebalears.com\/wp-content\/uploads\/2023\/02\/04c2_13de24-768x543.jpg\" alt=\"04c2 13de24\" \/><\/figure><\/a><\/div><div class=\"swiper-slide\"><a data-elementor-open-lightbox=\"yes\" data-elementor-lightbox-slideshow=\"832393e\" data-elementor-lightbox-title=\"04c2 14de24\" data-elementor-lightbox-description=\"04c2 14de24\" e-action-hash=\"#elementor-action%3Aaction%3Dlightbox%26settings%3DeyJpZCI6MTQ2NTksInVybCI6Imh0dHBzOlwvXC9ub3VwYXNzZWlnbWFyaXRpbWRlcGFsbWEucG9ydHNkZWJhbGVhcnMuY29tXC93cC1jb250ZW50XC91cGxvYWRzXC8yMDIzXC8wMlwvMDRjMl8xNGRlMjQuanBnIiwic2xpZGVzaG93IjoiODMyMzkzZSJ9\" href=\"https:\/\/noupasseigmaritimdepalma.portsdebalears.com\/wp-content\/uploads\/2023\/02\/04c2_14de24.jpg\"><figure class=\"swiper-slide-inner\"><img decoding=\"async\" class=\"swiper-slide-image\" src=\"https:\/\/noupasseigmaritimdepalma.portsdebalears.com\/wp-content\/uploads\/2023\/02\/04c2_14de24-768x543.jpg\" alt=\"04c2 14de24\" \/><\/figure><\/a><\/div><div class=\"swiper-slide\"><a data-elementor-open-lightbox=\"yes\" data-elementor-lightbox-slideshow=\"832393e\" data-elementor-lightbox-title=\"04c2 15de24\" data-elementor-lightbox-description=\"04c2 15de24\" e-action-hash=\"#elementor-action%3Aaction%3Dlightbox%26settings%3DeyJpZCI6MTQ2NjIsInVybCI6Imh0dHBzOlwvXC9ub3VwYXNzZWlnbWFyaXRpbWRlcGFsbWEucG9ydHNkZWJhbGVhcnMuY29tXC93cC1jb250ZW50XC91cGxvYWRzXC8yMDIzXC8wMlwvMDRjMl8xNWRlMjQuanBnIiwic2xpZGVzaG93IjoiODMyMzkzZSJ9\" href=\"https:\/\/noupasseigmaritimdepalma.portsdebalears.com\/wp-content\/uploads\/2023\/02\/04c2_15de24.jpg\"><figure class=\"swiper-slide-inner\"><img decoding=\"async\" class=\"swiper-slide-image\" src=\"https:\/\/noupasseigmaritimdepalma.portsdebalears.com\/wp-content\/uploads\/2023\/02\/04c2_15de24-768x543.jpg\" alt=\"04c2 15de24\" \/><\/figure><\/a><\/div><div class=\"swiper-slide\"><a data-elementor-open-lightbox=\"yes\" data-elementor-lightbox-slideshow=\"832393e\" data-elementor-lightbox-title=\"04c2 16de24\" data-elementor-lightbox-description=\"04c2 16de24\" e-action-hash=\"#elementor-action%3Aaction%3Dlightbox%26settings%3DeyJpZCI6MTQ2NjUsInVybCI6Imh0dHBzOlwvXC9ub3VwYXNzZWlnbWFyaXRpbWRlcGFsbWEucG9ydHNkZWJhbGVhcnMuY29tXC93cC1jb250ZW50XC91cGxvYWRzXC8yMDIzXC8wMlwvMDRjMl8xNmRlMjQuanBnIiwic2xpZGVzaG93IjoiODMyMzkzZSJ9\" href=\"https:\/\/noupasseigmaritimdepalma.portsdebalears.com\/wp-content\/uploads\/2023\/02\/04c2_16de24.jpg\"><figure class=\"swiper-slide-inner\"><img decoding=\"async\" class=\"swiper-slide-image\" src=\"https:\/\/noupasseigmaritimdepalma.portsdebalears.com\/wp-content\/uploads\/2023\/02\/04c2_16de24-768x543.jpg\" alt=\"04c2 16de24\" \/><\/figure><\/a><\/div><div class=\"swiper-slide\"><a data-elementor-open-lightbox=\"yes\" data-elementor-lightbox-slideshow=\"832393e\" data-elementor-lightbox-title=\"04c2 17de24\" data-elementor-lightbox-description=\"04c2 17de24\" e-action-hash=\"#elementor-action%3Aaction%3Dlightbox%26settings%3DeyJpZCI6MTQ2NjgsInVybCI6Imh0dHBzOlwvXC9ub3VwYXNzZWlnbWFyaXRpbWRlcGFsbWEucG9ydHNkZWJhbGVhcnMuY29tXC93cC1jb250ZW50XC91cGxvYWRzXC8yMDIzXC8wMlwvMDRjMl8xN2RlMjQuanBnIiwic2xpZGVzaG93IjoiODMyMzkzZSJ9\" href=\"https:\/\/noupasseigmaritimdepalma.portsdebalears.com\/wp-content\/uploads\/2023\/02\/04c2_17de24.jpg\"><figure class=\"swiper-slide-inner\"><img decoding=\"async\" class=\"swiper-slide-image\" src=\"https:\/\/noupasseigmaritimdepalma.portsdebalears.com\/wp-content\/uploads\/2023\/02\/04c2_17de24-768x543.jpg\" alt=\"04c2 17de24\" \/><\/figure><\/a><\/div><div class=\"swiper-slide\"><a data-elementor-open-lightbox=\"yes\" data-elementor-lightbox-slideshow=\"832393e\" data-elementor-lightbox-title=\"04c2 18de24\" data-elementor-lightbox-description=\"04c2 18de24\" e-action-hash=\"#elementor-action%3Aaction%3Dlightbox%26settings%3DeyJpZCI6MTQ2NzIsInVybCI6Imh0dHBzOlwvXC9ub3VwYXNzZWlnbWFyaXRpbWRlcGFsbWEucG9ydHNkZWJhbGVhcnMuY29tXC93cC1jb250ZW50XC91cGxvYWRzXC8yMDIzXC8wMlwvMDRjMl8xOGRlMjQuanBnIiwic2xpZGVzaG93IjoiODMyMzkzZSJ9\" href=\"https:\/\/noupasseigmaritimdepalma.portsdebalears.com\/wp-content\/uploads\/2023\/02\/04c2_18de24.jpg\"><figure class=\"swiper-slide-inner\"><img decoding=\"async\" class=\"swiper-slide-image\" src=\"https:\/\/noupasseigmaritimdepalma.portsdebalears.com\/wp-content\/uploads\/2023\/02\/04c2_18de24-768x543.jpg\" alt=\"04c2 18de24\" \/><\/figure><\/a><\/div><div class=\"swiper-slide\"><a data-elementor-open-lightbox=\"yes\" data-elementor-lightbox-slideshow=\"832393e\" data-elementor-lightbox-title=\"04c2 19de24\" data-elementor-lightbox-description=\"04c2 19de24\" e-action-hash=\"#elementor-action%3Aaction%3Dlightbox%26settings%3DeyJpZCI6MTQ2NzUsInVybCI6Imh0dHBzOlwvXC9ub3VwYXNzZWlnbWFyaXRpbWRlcGFsbWEucG9ydHNkZWJhbGVhcnMuY29tXC93cC1jb250ZW50XC91cGxvYWRzXC8yMDIzXC8wMlwvMDRjMl8xOWRlMjQuanBnIiwic2xpZGVzaG93IjoiODMyMzkzZSJ9\" href=\"https:\/\/noupasseigmaritimdepalma.portsdebalears.com\/wp-content\/uploads\/2023\/02\/04c2_19de24.jpg\"><figure class=\"swiper-slide-inner\"><img decoding=\"async\" class=\"swiper-slide-image\" src=\"https:\/\/noupasseigmaritimdepalma.portsdebalears.com\/wp-content\/uploads\/2023\/02\/04c2_19de24-768x543.jpg\" alt=\"04c2 19de24\" \/><\/figure><\/a><\/div><div class=\"swiper-slide\"><a data-elementor-open-lightbox=\"yes\" data-elementor-lightbox-slideshow=\"832393e\" data-elementor-lightbox-title=\"04c2 20de24\" data-elementor-lightbox-description=\"04c2 20de24\" e-action-hash=\"#elementor-action%3Aaction%3Dlightbox%26settings%3DeyJpZCI6MTQ2NzgsInVybCI6Imh0dHBzOlwvXC9ub3VwYXNzZWlnbWFyaXRpbWRlcGFsbWEucG9ydHNkZWJhbGVhcnMuY29tXC93cC1jb250ZW50XC91cGxvYWRzXC8yMDIzXC8wMlwvMDRjMl8yMGRlMjQuanBnIiwic2xpZGVzaG93IjoiODMyMzkzZSJ9\" href=\"https:\/\/noupasseigmaritimdepalma.portsdebalears.com\/wp-content\/uploads\/2023\/02\/04c2_20de24.jpg\"><figure class=\"swiper-slide-inner\"><img decoding=\"async\" class=\"swiper-slide-image\" src=\"https:\/\/noupasseigmaritimdepalma.portsdebalears.com\/wp-content\/uploads\/2023\/02\/04c2_20de24-768x543.jpg\" alt=\"04c2 20de24\" \/><\/figure><\/a><\/div><div class=\"swiper-slide\"><a data-elementor-open-lightbox=\"yes\" data-elementor-lightbox-slideshow=\"832393e\" data-elementor-lightbox-title=\"04c2 21de24\" data-elementor-lightbox-description=\"04c2 21de24\" e-action-hash=\"#elementor-action%3Aaction%3Dlightbox%26settings%3DeyJpZCI6MTQ2ODEsInVybCI6Imh0dHBzOlwvXC9ub3VwYXNzZWlnbWFyaXRpbWRlcGFsbWEucG9ydHNkZWJhbGVhcnMuY29tXC93cC1jb250ZW50XC91cGxvYWRzXC8yMDIzXC8wMlwvMDRjMl8yMWRlMjQuanBnIiwic2xpZGVzaG93IjoiODMyMzkzZSJ9\" href=\"https:\/\/noupasseigmaritimdepalma.portsdebalears.com\/wp-content\/uploads\/2023\/02\/04c2_21de24.jpg\"><figure class=\"swiper-slide-inner\"><img decoding=\"async\" class=\"swiper-slide-image\" src=\"https:\/\/noupasseigmaritimdepalma.portsdebalears.com\/wp-content\/uploads\/2023\/02\/04c2_21de24-768x543.jpg\" alt=\"04c2 21de24\" \/><figcaption class=\"elementor-image-carousel-caption\">04c2 21de24<\/figcaption><\/figure><\/a><\/div><div class=\"swiper-slide\"><a data-elementor-open-lightbox=\"yes\" data-elementor-lightbox-slideshow=\"832393e\" data-elementor-lightbox-title=\"04c2 22de24\" data-elementor-lightbox-description=\"04c2 22de24\" e-action-hash=\"#elementor-action%3Aaction%3Dlightbox%26settings%3DeyJpZCI6MTQ2ODQsInVybCI6Imh0dHBzOlwvXC9ub3VwYXNzZWlnbWFyaXRpbWRlcGFsbWEucG9ydHNkZWJhbGVhcnMuY29tXC93cC1jb250ZW50XC91cGxvYWRzXC8yMDIzXC8wMlwvMDRjMl8yMmRlMjQuanBnIiwic2xpZGVzaG93IjoiODMyMzkzZSJ9\" href=\"https:\/\/noupasseigmaritimdepalma.portsdebalears.com\/wp-content\/uploads\/2023\/02\/04c2_22de24.jpg\"><figure class=\"swiper-slide-inner\"><img decoding=\"async\" class=\"swiper-slide-image\" src=\"https:\/\/noupasseigmaritimdepalma.portsdebalears.com\/wp-content\/uploads\/2023\/02\/04c2_22de24-768x543.jpg\" alt=\"04c2 22de24\" \/><figcaption class=\"elementor-image-carousel-caption\">04c2 22de24<\/figcaption><\/figure><\/a><\/div><div class=\"swiper-slide\"><a data-elementor-open-lightbox=\"yes\" data-elementor-lightbox-slideshow=\"832393e\" data-elementor-lightbox-title=\"04c2 23de24\" data-elementor-lightbox-description=\"04c2 23de24\" e-action-hash=\"#elementor-action%3Aaction%3Dlightbox%26settings%3DeyJpZCI6MTQ2ODcsInVybCI6Imh0dHBzOlwvXC9ub3VwYXNzZWlnbWFyaXRpbWRlcGFsbWEucG9ydHNkZWJhbGVhcnMuY29tXC93cC1jb250ZW50XC91cGxvYWRzXC8yMDIzXC8wMlwvMDRjMl8yM2RlMjQuanBnIiwic2xpZGVzaG93IjoiODMyMzkzZSJ9\" href=\"https:\/\/noupasseigmaritimdepalma.portsdebalears.com\/wp-content\/uploads\/2023\/02\/04c2_23de24.jpg\"><figure class=\"swiper-slide-inner\"><img decoding=\"async\" class=\"swiper-slide-image\" src=\"https:\/\/noupasseigmaritimdepalma.portsdebalears.com\/wp-content\/uploads\/2023\/02\/04c2_23de24-768x543.jpg\" alt=\"04c2 23de24\" \/><figcaption class=\"elementor-image-carousel-caption\">04c2 23de24<\/figcaption><\/figure><\/a><\/div><div class=\"swiper-slide\"><a data-elementor-open-lightbox=\"yes\" data-elementor-lightbox-slideshow=\"832393e\" data-elementor-lightbox-title=\"04c2 24de24\" data-elementor-lightbox-description=\"04c2 24de24\" e-action-hash=\"#elementor-action%3Aaction%3Dlightbox%26settings%3DeyJpZCI6MTQ2OTEsInVybCI6Imh0dHBzOlwvXC9ub3VwYXNzZWlnbWFyaXRpbWRlcGFsbWEucG9ydHNkZWJhbGVhcnMuY29tXC93cC1jb250ZW50XC91cGxvYWRzXC8yMDIzXC8wMlwvMDRjMl8yNGRlMjQuanBnIiwic2xpZGVzaG93IjoiODMyMzkzZSJ9\" href=\"https:\/\/noupasseigmaritimdepalma.portsdebalears.com\/wp-content\/uploads\/2023\/02\/04c2_24de24.jpg\"><figure class=\"swiper-slide-inner\"><img decoding=\"async\" class=\"swiper-slide-image\" src=\"https:\/\/noupasseigmaritimdepalma.portsdebalears.com\/wp-content\/uploads\/2023\/02\/04c2_24de24-768x543.jpg\" alt=\"04c2 24de24\" \/><figcaption class=\"elementor-image-carousel-caption\">04c2 24de24<\/figcaption><\/figure><\/a><\/div>\t\t\t<\/div>\n\t\t\t\t\t\t\t\t\t\t\t\t<div class=\"swiper-pagination\"><\/div>\n\t\t\t\t\t\t\t\t\t\t\t\t\t<div class=\"elementor-swiper-button elementor-swiper-button-prev\">\n\t\t\t\t\t\t<i aria-hidden=\"true\" class=\"eicon-chevron-left\"><\/i>\t\t\t\t\t\t<span class=\"elementor-screen-only\">Anterior<\/span>\n\t\t\t\t\t<\/div>\n\t\t\t\t\t<div class=\"elementor-swiper-button elementor-swiper-button-next\">\n\t\t\t\t\t\t<i aria-hidden=\"true\" class=\"eicon-chevron-right\"><\/i>\t\t\t\t\t\t<span class=\"elementor-screen-only\">Siguiente<\/span>\n\t\t\t\t\t<\/div>\n\t\t\t\t\t\t\t\t\t<\/div>\n\t\t\t\t<\/div>\n\t\t\t\t<\/div>\n\t\t\t\t<div class=\"elementor-element elementor-element-2bbb928 elementor-widget elementor-widget-text-editor\" data-id=\"2bbb928\" data-element_type=\"widget\" data-widget_type=\"text-editor.default\">\n\t\t\t\t<div class=\"elementor-widget-container\">\n\t\t\t\t\t\t\t\t<div class=\"elementor-text-editor elementor-clearfix\">\n\t\t\t\t<ul><li><h3><strong>Si desea m\u00e1s informaci\u00f3n, puede acceder a la documentaci\u00f3n completa del proyecto a trav\u00e9s del siguiente enlace:<\/strong> <a style=\"letter-spacing: 0em;\" href=\"https:\/\/seu.portsdebalears.gob.es\/contratae\/licitacion\/licitaciones\/detalle?id=613787\">Proyecto Nuevo Paseo Mar\u00edtimo<\/a><\/h3><\/li><\/ul>\t\t\t\t\t<\/div>\n\t\t\t\t\t\t<\/div>\n\t\t\t\t<\/div>\n\t\t\t\t\t\t<\/div>\n\t\t\t\t\t<\/div>\n\t\t<\/div>\n\t\t\t\t\t\t\t\t<\/div>\n\t\t\t\t\t<\/div>\n\t\t<\/section>\n\t\t\t\t\t\t\t\t\t<\/div>\n\t\t\t<\/div>\n\t\t\t\t\t<\/div>\n\t\t","protected":false},"excerpt":{"rendered":"<p>El paseo Mar\u00edtimo de Palma se transforma en el Nuevo Paseo Mar\u00edtimo de Palma. El d\u00eda 18 de noviembre de 2022 se inicia un proyecto de remodelaci\u00f3n que cambiar\u00e1 3,5 kil\u00f3metros de su recorrido. Una nueva fase hist\u00f3rica para esta arteria&#8230;<\/p>\n","protected":false},"author":1,"featured_media":0,"parent":0,"menu_order":0,"comment_status":"closed","ping_status":"closed","template":"","meta":{"footnotes":""},"class_list":["post-13028","page","type-page","status-publish","hentry"],"aioseo_notices":[],"_links":{"self":[{"href":"https:\/\/noupasseigmaritimdepalma.portsdebalears.com\/es\/wp-json\/wp\/v2\/pages\/13028","targetHints":{"allow":["GET"]}}],"collection":[{"href":"https:\/\/noupasseigmaritimdepalma.portsdebalears.com\/es\/wp-json\/wp\/v2\/pages"}],"about":[{"href":"https:\/\/noupasseigmaritimdepalma.portsdebalears.com\/es\/wp-json\/wp\/v2\/types\/page"}],"author":[{"embeddable":true,"href":"https:\/\/noupasseigmaritimdepalma.portsdebalears.com\/es\/wp-json\/wp\/v2\/users\/1"}],"replies":[{"embeddable":true,"href":"https:\/\/noupasseigmaritimdepalma.portsdebalears.com\/es\/wp-json\/wp\/v2\/comments?post=13028"}],"version-history":[{"count":35,"href":"https:\/\/noupasseigmaritimdepalma.portsdebalears.com\/es\/wp-json\/wp\/v2\/pages\/13028\/revisions"}],"predecessor-version":[{"id":23355,"href":"https:\/\/noupasseigmaritimdepalma.portsdebalears.com\/es\/wp-json\/wp\/v2\/pages\/13028\/revisions\/23355"}],"wp:attachment":[{"href":"https:\/\/noupasseigmaritimdepalma.portsdebalears.com\/es\/wp-json\/wp\/v2\/media?parent=13028"}],"curies":[{"name":"wp","href":"https:\/\/api.w.org\/{rel}","templated":true}]}}